{"id":152,"date":"2017-03-01T12:14:46","date_gmt":"2017-03-01T12:14:46","guid":{"rendered":"http:\/\/ed.aislinthemes.com\/?page_id=1568"},"modified":"2025-05-31T12:33:38","modified_gmt":"2025-05-31T12:33:38","slug":"oferta","status":"publish","type":"page","link":"https:\/\/aemachadodematos.pt\/agrupamento\/apresentacao\/oferta\/","title":{"rendered":"Oferta Educativa"},"content":{"rendered":"<p>[vc_row css=&#8221;.vc_custom_1489757098787{margin-bottom: 30px !important;padding-right: 33% !important;}&#8221;][vc_column css=&#8221;.vc_custom_1491469743240{margin-bottom: 0px !important;}&#8221;][vc_custom_heading text=&#8221;&#8221; font_container=&#8221;tag:h4|text_align:left&#8221; use_theme_fonts=&#8221;yes&#8221;][\/vc_column][\/vc_row][vc_row][vc_column width=&#8221;1\/4&#8243;][vc_single_image image=&#8221;885&#8243; img_size=&#8221;full&#8221;][vc_custom_heading text=&#8221;EDUCA\u00c7\u00c3O PR\u00c9-ESCOLAR&#8221; font_container=&#8221;tag:h5|font_size:16px|text_align:left|color:%23020202|line_height:23px&#8221; use_theme_fonts=&#8221;yes&#8221; css=&#8221;.vc_custom_1632381698328{margin-bottom: 10px !important;}&#8221;][vc_column_text css=&#8221;.vc_custom_1632434004249{padding-right: 20px !important;}&#8221;]Oferta educativa destinada a crian\u00e7as com idades compreendidas entre os 3 anos e a idade de ingresso no ensino b\u00e1sico.<\/p>\n<p>Encontra-se integrada nas escolas b\u00e1sicas, juntamente com a val\u00eancia do 1.\u00ba\u00a0 Ciclo do Ensino B\u00e1sico.[\/vc_column_text][\/vc_column][vc_column width=&#8221;1\/4&#8243;][vc_single_image image=&#8221;116&#8243; img_size=&#8221;full&#8221;][vc_custom_heading text=&#8221;ENSINO B\u00c1SICO &#8211; 1.\u00ba, 2.\u00ba E 3.\u00ba CICLOS&#8221; font_container=&#8221;tag:h5|font_size:16px|text_align:left|color:%23020202|line_height:23px&#8221; use_theme_fonts=&#8221;yes&#8221; css=&#8221;.vc_custom_1632382384019{margin-bottom: 10px !important;}&#8221;][vc_column_text css=&#8221;.vc_custom_1626455553150{padding-right: 20px !important;}&#8221;]O ensino b\u00e1sico visa assegurar uma forma\u00e7\u00e3o geral comum a todos os alunos, proporcionando a aquisi\u00e7\u00e3o dos conhecimentos basilares que permitam o prosseguimento de estudos.[\/vc_column_text][\/vc_column][vc_column width=&#8221;1\/4&#8243; css=&#8221;.vc_custom_1459416622945{margin-bottom: 30px !important;}&#8221;][vc_single_image image=&#8221;448&#8243; img_size=&#8221;full&#8221;][vc_custom_heading text=&#8221;ENSINO SECUND\u00c1RIO REGULAR&#8221; font_container=&#8221;tag:h5|text_align:left|color:%23020202&#8243; use_theme_fonts=&#8221;yes&#8221; css=&#8221;.vc_custom_1626462163045{margin-bottom: 10px !important;}&#8221;][vc_column_text css=&#8221;.vc_custom_1635372797270{padding-right: 20px !important;}&#8221;]O ensino secund\u00e1rio visa proporcionar uma forma\u00e7\u00e3o e aprendizagens diversificadas.<br \/>\nOs cursos cientifico-human\u00edsticos constituem uma oferta educativa vocacionada para o prosseguimento de estudos de n\u00edvel superior (universit\u00e1rio ou polit\u00e9cnico).<br \/>\nConferem um diploma de conclus\u00e3o do Ensino Secund\u00e1rio (12.\u00ba ano), bem como o n\u00edvel 3 de qualifica\u00e7\u00e3o do Quadro Nacional de Qualifica\u00e7\u00f5es (QNQ).[\/vc_column_text][\/vc_column][vc_column width=&#8221;1\/4&#8243;]\n      \t<div class=\"wpb_single_image st-video-popup wpb_content_element vc_align_left  vc_custom_1626456201946 st_video_popup-bd178850739afe65996fadcb8e6a8003\">\n      \t\t\n      \t\t<figure class=\"wpb_wrapper vc_figure\">\n      \t\t\t<a href=\"https:\/\/aemachadodematos.pt\/agrupamento\/wp-content\/uploads\/2021\/05\/escola2-1024x683.jpg\" class=\"vc_single_image-wrapper prettyphoto\" data-rel=\"prettyPhoto\"><img loading=\"lazy\" decoding=\"async\" width=\"1400\" height=\"934\" src=\"https:\/\/aemachadodematos.pt\/agrupamento\/wp-content\/uploads\/2021\/05\/escola2.jpg\" class=\"vc_single_image-img attachment-full\" alt=\"\" srcset=\"https:\/\/aemachadodematos.pt\/agrupamento\/wp-content\/uploads\/2021\/05\/escola2.jpg 1400w, https:\/\/aemachadodematos.pt\/agrupamento\/wp-content\/uploads\/2021\/05\/escola2-300x200.jpg 300w, https:\/\/aemachadodematos.pt\/agrupamento\/wp-content\/uploads\/2021\/05\/escola2-1024x683.jpg 1024w\" sizes=\"auto, (max-width: 1400px) 100vw, 1400px\" \/><div class=\"box\"><div class=\"tri\"><\/div><\/div><\/a>\n      \t\t<\/figure>\n      \t<\/div>\n      [vc_custom_heading text=&#8221;ENSINO SECUND\u00c1RIO PROFISSIONAL&#8221; font_container=&#8221;tag:h5|text_align:left|color:%23020202&#8243; use_theme_fonts=&#8221;yes&#8221; css=&#8221;.vc_custom_1626462156294{margin-bottom: 10px !important;}&#8221;][vc_column_text css=&#8221;.vc_custom_1635372389346{padding-right: 20px !important;}&#8221;]Os Cursos Profissionais s\u00e3o um dos percursos do n\u00edvel secund\u00e1rio de educa\u00e7\u00e3o, caracterizado por uma forte liga\u00e7\u00e3o com o mundo profissional.<br \/>\nTendo em conta o perfil pessoal, a aprendizagem realizada nestes cursos valoriza o desenvolvimento de compet\u00eancias para o exerc\u00edcio de uma profiss\u00e3o, em articula\u00e7\u00e3o com o setor empresarial local.[\/vc_column_text][\/vc_column][\/vc_row][vc_row css=&#8221;.vc_custom_1491467924293{padding-right: 20px !important;padding-bottom: 35px !important;padding-left: 20px !important;background-color: #37383a !important;}&#8221;][vc_column][vc_tta_tabs style=&#8221;flat&#8221; shape=&#8221;square&#8221; spacing=&#8221;2&#8243; active_section=&#8221;1&#8243; no_fill_content_area=&#8221;true&#8221; el_class=&#8221;wh-custom-tabs&#8221;][vc_tta_section title=&#8221;Educa\u00e7\u00e3o Pr\u00e9-escolar&#8221; tab_id=&#8221;1627683002953-2664a60f-405b&#8221;][vc_column_text]<\/p>\n<div class=\"wp-block-gutentor-m7-tab gutentor-module-tabs-content gm-tc-1da1e6 gutentor-tabs-content-active\">\n<p>O AEDMM tem a oferta educativa ao n\u00edvel da educa\u00e7\u00e3o Pr\u00e9-escolar destinada a crian\u00e7as com idades compreendidas entre os 3 anos e a idade de ingresso no ensino b\u00e1sico.<\/p>\n<p>A frequ\u00eancia da educa\u00e7\u00e3o Pr\u00e9-escolar \u00e9 facultativa, sendo, contudo, reconhecida a sua import\u00e2ncia fundamental na prepara\u00e7\u00e3o e adapta\u00e7\u00e3o da crian\u00e7a ao meio escolar e ao futuro ingresso no ensino mais formal.<\/p>\n<\/div>\n<p>[\/vc_column_text][\/vc_tta_section][vc_tta_section title=&#8221;Ensino Regular&#8221; tab_id=&#8221;1627683002970-e4e51b5a-118f&#8221;][vc_column_text]<\/p>\n<div class=\"wp-block-gutentor-m7-tab gutentor-module-tabs-content gm-tc-1da1e6 gutentor-tabs-content-active\">\n<p>No nosso Agrupamento s\u00e3o lecionados todos os ciclos de ensino, desde o 1.\u00ba ciclo do Ensino B\u00e1sico ao Ensino Secund\u00e1rio.<\/p>\n<p>A <strong>n\u00edvel do ensino secund\u00e1rio<\/strong> a nossa oferta formativa abrange o seguinte:<br \/>\n<strong>10.\u00ba ano <\/strong>| Ci\u00eancias e Tecnologias \/ L\u00ednguas e Humanidades \/ Ci\u00eancias Socioec\u00f3nomicas<br \/>\n<strong>11.\u00ba ano<\/strong> | Ci\u00eancias e Tecnologias \/ L\u00ednguas e Humanidades \/ Ci\u00eancias Socioec\u00f3nomicas<br \/>\n<strong>12-\u00ba ano<\/strong>| Ci\u00eancias e Tecnologias \/ L\u00ednguas e Humanidades \/ Ci\u00eancias Socioec\u00f3nomicas<\/p>\n<\/div>\n<p>[\/vc_column_text][\/vc_tta_section][vc_tta_section title=&#8221;Ensino Profissional&#8221; tab_id=&#8221;1627683442449-a773a34b-f8bd&#8221;][vc_single_image image=&#8221;1954&#8243; img_size=&#8221;full&#8221;][vc_column_text]Estes cursos podem ser frequentados por jovens com idade igual ou superior a 15 anos, que j\u00e1 tenham conclu\u00eddo o 9.\u00ba ano do Ensino b\u00e1sico, mas que ainda n\u00e3o tenham terminado o Ensino Secund\u00e1rio.<\/p>\n<p>Esta \u00e9 uma forma\u00e7\u00e3o que visa preparar os jovens para o mundo do trabalho e inclui est\u00e1gio profissionalizante com a dura\u00e7\u00e3o de 600h.<\/p>\n<p>Os cursos t\u00eam uma dura\u00e7\u00e3o de 3 anos letivos \/ 3100 horas. Os programas das diversas disciplinas est\u00e3o organizados por m\u00f3dulos de forma\u00e7\u00e3o e a avalia\u00e7\u00e3o \u00e9 quantitativa (escala de 0 a 20), no final de cada m\u00f3dulo de forma\u00e7\u00e3o.<\/p>\n<p>No final do processo de forma\u00e7\u00e3o, os jovens obt\u00eam uma certifica\u00e7\u00e3o escolar de n\u00edvel secund\u00e1rio (12.\u00ba ano) com classifica\u00e7\u00e3o final e um certificado de qualifica\u00e7\u00e3o profissional de n\u00edvel 4. A conclus\u00e3o de um Curso Profissional permite-te o prosseguimento de estudos\/forma\u00e7\u00e3o num Curso de Especializa\u00e7\u00e3o Tecnol\u00f3gica ou o acesso ao ensino superior, mediante o cumprimento dos requisitos previstos no regulamento de acesso ao ensino superior.<\/p>\n<p>A nossa oferta formativa para 2025\/2026:<\/p>\n<p><strong>1.\u00ba ano<\/strong>: <a href=\"https:\/\/aemachadodematos.pt\/agrupamento\/td\/\" target=\"_blank\" rel=\"noopener\">T\u00e9cnico de Desporto<\/a> | <a href=\"https:\/\/aemachadodematos.pt\/agrupamento\/tig\" target=\"_blank\" rel=\"noopener\">T\u00e9cnico de Inform\u00e1tica de Gest\u00e3o<\/a><br \/>\n<strong>2.\u00ba ano<\/strong>: <a href=\"https:\/\/aemachadodematos.pt\/agrupamento\/td\/\" target=\"_blank\" rel=\"noopener\">T\u00e9cnico de Desporto<\/a> | <a href=\"https:\/\/aemachadodematos.pt\/agrupamento\/tig\" target=\"_blank\" rel=\"noopener\">T\u00e9cnico de Inform\u00e1tica de Gest\u00e3o<\/a>\u00a0| <a href=\"https:\/\/aemachadodematos.pt\/agrupamento\/tecnico-de-restaurante-bar\/\" target=\"_blank\" rel=\"noopener\">T\u00e9cnico de Restaurante\/Bar<\/a>.<br \/>\n<strong>3.\u00ba ano<\/strong>: <a href=\"https:\/\/aemachadodematos.pt\/agrupamento\/td\/\" target=\"_blank\" rel=\"noopener\">T\u00e9cnico de Desporto<\/a>[\/vc_column_text][\/vc_tta_section][\/vc_tta_tabs][\/vc_column][\/vc_row][vc_row css=&#8221;.vc_custom_1488462465103{padding-bottom: 20px !important;background-color: #e6be1e !important;}&#8221;][vc_column width=&#8221;1\/2&#8243; css=&#8221;.vc_custom_1489756558407{margin-right: 0px !important;margin-bottom: 0px !important;padding-top: 25px !important;padding-right: 25px !important;}&#8221; offset=&#8221;vc_col-xs-6&#8243;][vc_custom_heading text=&#8221;CONSTR\u00d3I O TEU FUTURO, COM SUCESSO!&#8221; font_container=&#8221;tag:h6|text_align:right|color:%232d2d2d&#8221; use_theme_fonts=&#8221;yes&#8221;][\/vc_column][vc_column width=&#8221;1\/2&#8243; css=&#8221;.vc_custom_1489756553336{margin-bottom: 0px !important;padding-top: 25px !important;}&#8221; offset=&#8221;vc_col-xs-6&#8243;]\n\t\t\t\t\t<a\n\t\t\t\thref=\"#\"\n\t\t\t\tclass=\"wh-theme-icon vc_custom_1488968217311  scp_theme_icon-2957d51078698d1b3e14d82892ecda1e\"\n\t\t\t\t\t\t\t\t\t\t\t\t><i class=\"icon-edschool\"><\/i><\/a>\n\t\t\t\t[vc_custom_heading text=&#8221;<u>PR\u00c9-INSCRI\u00c7\u00c3O<\/u>&#8221; font_container=&#8221;tag:h6|text_align:left|color:%232d2d2d&#8221; use_theme_fonts=&#8221;yes&#8221; css=&#8221;.vc_custom_1653908950943{padding-left: 15px !important;}&#8221; link=&#8221;url:https%3A%2F%2Faemachadodematos.pt%2Fagrupamento%2Fpre-inscricao-cursos-profissionais%2F|title:Pr%C3%A9-Inscri%C3%A7%C3%A3o%20Cursos%20Profissionais&#8221;][\/vc_column][\/vc_row]<\/p>\n","protected":false},"excerpt":{"rendered":"<p>[vc_row css=&#8221;.vc_custom_1489757098787{margin-bottom: 30px !important;padding-right: 33% !important;}&#8221;][vc_column css=&#8221;.vc_custom_1491469743240{margin-bottom: 0px !important;}&#8221;][vc_custom_heading text=&#8221;&#8221; font_container=&#8221;tag:h4|text_align:left&#8221; use_theme_fonts=&#8221;yes&#8221;][\/vc_column][\/vc_row][vc_row][vc_column width=&#8221;1\/4&#8243;][vc_single_image image=&#8221;885&#8243; img_size=&#8221;full&#8221;][vc_custom_heading text=&#8221;EDUCA\u00c7\u00c3O PR\u00c9-ESCOLAR&#8221; font_container=&#8221;tag:h5|font_size:16px|text_align:left|color:%23020202|line_height:23px&#8221; use_theme_fonts=&#8221;yes&#8221; css=&#8221;.vc_custom_1632381698328{margin-bottom: 10px !important;}&#8221;][vc_column_text css=&#8221;.vc_custom_1632434004249{padding-right: 20px !important;}&#8221;]Oferta educativa destinada a crian\u00e7as com idades compreendidas entre os 3 anos e a idade de&nbsp;<a href=\"https:\/\/aemachadodematos.pt\/agrupamento\/apresentacao\/oferta\/\">&hellip;<\/a><\/p>\n","protected":false},"author":1,"featured_media":0,"parent":505,"menu_order":0,"comment_status":"closed","ping_status":"closed","template":"template-sidebar-right-childpages.php","meta":{"_uag_custom_page_level_css":"","footnotes":""},"class_list":["post-152","page","type-page","status-publish","hentry","odd"],"mb":[],"uagb_featured_image_src":{"full":false,"thumbnail":false,"medium":false,"medium_large":false,"large":false,"1536x1536":false,"2048x2048":false,"classic-grid-listing":false,"classic-list-listing":false,"modern-grid-listing":false,"product-page-image":false,"product-category-page-image":false,"post-thumbnail":false,"ed-school-featured-image":false,"ed-school-medium":false,"ed-school-medium-alt":false,"ed-school-square":false,"ed-school-square-small":false},"uagb_author_info":{"display_name":"admin","author_link":"https:\/\/aemachadodematos.pt\/agrupamento\/author\/admin\/"},"uagb_comment_info":0,"uagb_excerpt":"[vc_row css=&#8221;.vc_custom_1489757098787{margin-bottom: 30px !important;padding-right: 33% !important;}&#8221;][vc_column css=&#8221;.vc_custom_1491469743240{margin-bottom: 0px !important;}&#8221;][vc_custom_heading text=&#8221;&#8221; font_container=&#8221;tag:h4|text_align:left&#8221; use_theme_fonts=&#8221;yes&#8221;][\/vc_column][\/vc_row][vc_row][vc_column width=&#8221;1\/4&#8243;][vc_single_image image=&#8221;885&#8243; img_size=&#8221;full&#8221;][vc_custom_heading text=&#8221;EDUCA\u00c7\u00c3O PR\u00c9-ESCOLAR&#8221; font_container=&#8221;tag:h5|font_size:16px|text_align:left|color:%23020202|line_height:23px&#8221; use_theme_fonts=&#8221;yes&#8221; css=&#8221;.vc_custom_1632381698328{margin-bottom: 10px !important;}&#8221;][vc_column_text css=&#8221;.vc_custom_1632434004249{padding-right: 20px !important;}&#8221;]Oferta educativa destinada a crian\u00e7as com idades compreendidas entre os 3 anos e a idade de&nbsp;&hellip;","mfb_rest_fields":["title","uagb_featured_image_src","uagb_author_info","uagb_comment_info","uagb_excerpt"],"_links":{"self":[{"href":"https:\/\/aemachadodematos.pt\/agrupamento\/wp-json\/wp\/v2\/pages\/152","targetHints":{"allow":["GET"]}}],"collection":[{"href":"https:\/\/aemachadodematos.pt\/agrupamento\/wp-json\/wp\/v2\/pages"}],"about":[{"href":"https:\/\/aemachadodematos.pt\/agrupamento\/wp-json\/wp\/v2\/types\/page"}],"author":[{"embeddable":true,"href":"https:\/\/aemachadodematos.pt\/agrupamento\/wp-json\/wp\/v2\/users\/1"}],"replies":[{"embeddable":true,"href":"https:\/\/aemachadodematos.pt\/agrupamento\/wp-json\/wp\/v2\/comments?post=152"}],"version-history":[{"count":29,"href":"https:\/\/aemachadodematos.pt\/agrupamento\/wp-json\/wp\/v2\/pages\/152\/revisions"}],"predecessor-version":[{"id":4102,"href":"https:\/\/aemachadodematos.pt\/agrupamento\/wp-json\/wp\/v2\/pages\/152\/revisions\/4102"}],"up":[{"embeddable":true,"href":"https:\/\/aemachadodematos.pt\/agrupamento\/wp-json\/wp\/v2\/pages\/505"}],"wp:attachment":[{"href":"https:\/\/aemachadodematos.pt\/agrupamento\/wp-json\/wp\/v2\/media?parent=152"}],"curies":[{"name":"wp","href":"https:\/\/api.w.org\/{rel}","templated":true}]}}