{"id":160,"date":"2017-02-16T13:19:53","date_gmt":"2017-02-16T13:19:53","guid":{"rendered":"http:\/\/ed.aislinthemes.com\/?page_id=895"},"modified":"2026-03-11T21:29:29","modified_gmt":"2026-03-11T21:29:29","slug":"recrutamento","status":"publish","type":"page","link":"https:\/\/aemachadodematos.pt\/agrupamento\/recrutamento\/","title":{"rendered":"Recrutamento"},"content":{"rendered":"<p>[vc_row css=&#8221;.vc_custom_1489054095756{margin-bottom: 10px !important;}&#8221;][vc_column width=&#8221;1\/2&#8243; css=&#8221;.vc_custom_1459848263527{margin-bottom: 0px !important;}&#8221;][vc_custom_heading text=&#8221;Contrata\u00e7\u00e3o e Informa\u00e7\u00f5es de Procedimentos Concursais&#8221; font_container=&#8221;tag:h4|text_align:left&#8221; use_theme_fonts=&#8221;yes&#8221; css=&#8221;.vc_custom_1632408196771{margin-bottom: 10px !important;}&#8221;][vc_separator][vc_custom_heading text=&#8221;CONTRATA\u00c7\u00c3O DE ESCOLA&#8221; font_container=&#8221;tag:h4|text_align:left&#8221; use_theme_fonts=&#8221;yes&#8221; css=&#8221;.vc_custom_1632407626116{margin-bottom: 10px !important;}&#8221;][vc_separator][vc_column_text css=&#8221;.vc_custom_1773264566424{margin-bottom: 0px !important;}&#8221;]<\/p>\r\n<h3>ANO LETIVO 2025\/2026<\/h3>\r\n<ul class=\"wp-block-list\">\r\n<li>AVISO N.\u00ba 18\/2026 \u2013 HOR\u00c1RIO N.\u00ba 49 \u2013 GR320<br \/>\r\n<ul class=\"wp-block-list\">\r\n<li><a href=\"https:\/\/aemachadodematos.pt\/agrupamento\/ficheiros\/contratacao-de-escola\/2526\/18\/Aviso%20de%20Abertura%20n.%C2%BA18%20GR320.pdf\">AVISO DE ABERTURA N.\u00ba 18\/2026<\/a><\/li>\r\n<li><a href=\"https:\/\/aemachadodematos.pt\/agrupamento\/ficheiros\/contratacao-de-escola\/2526\/18\/Hor%C3%A1rio%20Franc%C3%AAs.pdf\">HOR\u00c1RIO N.\u00ba 49 (14 HORAS \u2013 TEMPOR\u00c1RIO)<\/a><\/li>\r\n<li>LISTA DE GRADUA\u00c7\u00c3O<!-- \/wp:post-content --><!-- \/wp:list --><\/li>\r\n<\/ul>\r\n<\/li>\r\n<\/ul>\r\n<ul class=\"wp-block-list\">\r\n<li>AVISO N.\u00ba 17\/2026 \u2013 HOR\u00c1RIO N.\u00ba 48 \u2013 T\u00e9cnico Especializado Formador &#8211; Restaura\u00e7\u00e3o-Bar<br \/>\r\n<ul class=\"wp-block-list\">\r\n<li><a href=\"https:\/\/aemachadodematos.pt\/agrupamento\/ficheiros\/contratacao-de-escola\/2526\/17\/Aviso%20de%20Abertura%20n.%C2%BA17%20TRB.pdf\">AVISO DE ABERTURA N.\u00ba 17\/2026<\/a><\/li>\r\n<li><a href=\"https:\/\/aemachadodematos.pt\/agrupamento\/ficheiros\/contratacao-de-escola\/2526\/17\/htecnico.pdf\">HOR\u00c1RIO N.\u00ba 48 (13HORAS \u2013 TEMPOR\u00c1RIO)<\/a><\/li>\r\n<li><a href=\"https:\/\/aemachadodematos.pt\/agrupamento\/ficheiros\/contratacao-de-escola\/2526\/17\/Contrata%C3%A7%C3%A3o%20de%20Escola%20-%20admissao%20%282%29.pdf\"><span role=\"presentation\" data-olk-copy-source=\"MessageBody\">LISTA DE ADMISS\u00c3O<\/span><\/a><\/li>\r\n<li><a href=\"https:\/\/aemachadodematos.pt\/agrupamento\/ficheiros\/contratacao-de-escola\/2526\/17\/Contrata%C3%A7%C3%A3o%20de%20Escola%20-%20ordenacao%20%282%29.pdf\"><span role=\"presentation\">LISTA DE ORDENA\u00c7\u00c3O \u2013 AVALIA\u00c7\u00c3O DE PORTEF\u00d3LIO E EXPERI\u00caNCIA PROFISSIONAL<\/span><\/a><\/li>\r\n<li><a href=\"https:\/\/aemachadodematos.pt\/agrupamento\/ficheiros\/contratacao-de-escola\/2526\/17\/Contrata%C3%A7%C3%A3o%20de%20Escola%20-%20portefolio%2Bexperiencia%2Bentrevista.pdf\">LISTA DE ORDENA\u00c7\u00c3O FINAL<\/a><\/li>\r\n<\/ul>\r\n<\/li>\r\n<\/ul>\r\n<p>&nbsp;<\/p>\r\n<ul class=\"wp-block-list\">\r\n<li>AVISO N.\u00ba 16\/2026 \u2013 HOR\u00c1RIO N.\u00ba 45 \u2013 GR620<br \/>\r\n<ul class=\"wp-block-list\">\r\n<li><a href=\"https:\/\/aemachadodematos.pt\/agrupamento\/ficheiros\/contratacao-de-escola\/2526\/16\/AVISO16.pdf\">AVISO DE ABERTURA N.\u00ba 16\/2026<\/a><\/li>\r\n<li><a href=\"https:\/\/aemachadodematos.pt\/agrupamento\/ficheiros\/contratacao-de-escola\/2526\/16\/h_620_22h.pdf\">HOR\u00c1RIO N.\u00ba 45 (22 HORAS \u2013 TEMPOR\u00c1RIO)<\/a><\/li>\r\n<li><a href=\"https:\/\/aemachadodematos.pt\/agrupamento\/ficheiros\/contratacao-de-escola\/2526\/16\/lista_ordenada_620.pdf\">LISTA DE GRADUA\u00c7\u00c3O<\/a><\/li>\r\n<\/ul>\r\n<\/li>\r\n<\/ul>\r\n<p>&nbsp;<\/p>\r\n<ul class=\"wp-block-list\">\r\n<li>AVISO N.\u00ba 15\/2026 \u2013 HOR\u00c1RIO N.\u00ba 47 \u2013 GR400<br \/>\r\n<ul class=\"wp-block-list\">\r\n<li><a href=\"https:\/\/aemachadodematos.pt\/agrupamento\/ficheiros\/contratacao-de-escola\/2526\/15\/Aviso_15.pdf\">AVISO DE ABERTURA N.\u00ba 15\/2026<\/a><\/li>\r\n<li><a href=\"https:\/\/aemachadodematos.pt\/agrupamento\/ficheiros\/contratacao-de-escola\/2526\/15\/horario_400.pdf\">HOR\u00c1RIO N.\u00ba 47\u00a0(10\u00a0HORAS \u2013 TEMPOR\u00c1RIO)<\/a><\/li>\r\n<li><a href=\"https:\/\/aemachadodematos.pt\/agrupamento\/ficheiros\/contratacao-de-escola\/2526\/15\/lista_ordenacao_400.pdf\">LISTA DE GRADUA\u00c7\u00c3O<\/a><\/li>\r\n<\/ul>\r\n<\/li>\r\n<\/ul>\r\n<p>&nbsp;<\/p>\r\n<ul class=\"wp-block-list\">\r\n<li>AVISO N.\u00ba 14\/2026 \u2013 HOR\u00c1RIO N.\u00ba 46 \u2013 GR290<br \/>\r\n<ul class=\"wp-block-list\">\r\n<li><a href=\"https:\/\/aemachadodematos.pt\/agrupamento\/ficheiros\/contratacao-de-escola\/2526\/14\/AVISO14.pdf\">AVISO DE ABERTURA N.\u00ba 14\/2026<\/a><\/li>\r\n<li><a href=\"https:\/\/aemachadodematos.pt\/agrupamento\/ficheiros\/contratacao-de-escola\/2526\/14\/290_h.pdf\">HOR\u00c1RIO N.\u00ba 46\u00a0(14\u00a0HORAS \u2013 TEMPOR\u00c1RIO)<\/a><\/li>\r\n<li>LISTA DE GRADUA\u00c7\u00c3O<\/li>\r\n<\/ul>\r\n<\/li>\r\n<\/ul>\r\n<p>&nbsp;<\/p>\r\n<ul class=\"wp-block-list\">\r\n<li>AVISO N.\u00ba 13\/2026 \u2013 HOR\u00c1RIO N.\u00ba 44 \u2013 GR290<br \/>\r\n<ul class=\"wp-block-list\">\r\n<li><a href=\"https:\/\/aemachadodematos.pt\/agrupamento\/ficheiros\/contratacao-de-escola\/2526\/13\/AVISO13.pdf\">AVISO DE ABERTURA N.\u00ba 13\/2026<\/a><\/li>\r\n<li><a href=\"https:\/\/aemachadodematos.pt\/agrupamento\/ficheiros\/contratacao-de-escola\/2526\/13\/H5_EMRC_atual.pdf\">HOR\u00c1RIO N.\u00ba 44\u00a0(3\u00a0HORAS \u2013 TEMPOR\u00c1RIO)<\/a><\/li>\r\n<li>LISTA DE GRADUA\u00c7\u00c3O<\/li>\r\n<\/ul>\r\n<\/li>\r\n<\/ul>\r\n<p>&nbsp;<\/p>\r\n<ul>\r\n<li>AVISO N.\u00ba 12\/2026 \u2013 HOR\u00c1RIO N.\u00ba 42 \u2013 GR200<br \/>\r\n<ul class=\"wp-block-list\">\r\n<li><a href=\"https:\/\/aemachadodematos.pt\/agrupamento\/ficheiros\/contratacao-de-escola\/2526\/12\/AVISO12.pdf\">AVISO DE ABERTURA N.\u00ba 12\/2026<\/a><\/li>\r\n<li><a href=\"https:\/\/aemachadodematos.pt\/agrupamento\/ficheiros\/contratacao-de-escola\/2526\/12\/Horario_200_H42.pdf\">HOR\u00c1RIO N.\u00ba 42\u00a0(14\u00a0HORAS \u2013 TEMPOR\u00c1RIO)<\/a><\/li>\r\n<li><a href=\"https:\/\/aemachadodematos.pt\/agrupamento\/ficheiros\/contratacao-de-escola\/2526\/12\/Horario_H42_Lista_graduada.pdf\">LISTA DE GRADUA\u00c7\u00c3O<\/a><\/li>\r\n<\/ul>\r\n<\/li>\r\n<\/ul>\r\n<p>&nbsp;<\/p>\r\n<ul>\r\n<li>AVISO N.\u00ba 11\/2026 \u2013 HOR\u00c1RIO N.\u00ba 41 \u2013 GR290<br \/>\r\n<ul class=\"wp-block-list\">\r\n<li><a href=\"https:\/\/aemachadodematos.pt\/agrupamento\/ficheiros\/contratacao-de-escola\/2526\/11\/AVISO11.pdf\">AVISO DE ABERTURA N.\u00ba 11\/2026<\/a><\/li>\r\n<li><a href=\"https:\/\/aemachadodematos.pt\/agrupamento\/ficheiros\/contratacao-de-escola\/2526\/11\/Horario_290_H41.pdf\">HOR\u00c1RIO N.\u00ba 41\u00a0(13\u00a0HORAS \u2013 TEMPOR\u00c1RIO)<\/a><\/li>\r\n<li>LISTA DE GRADUA\u00c7\u00c3O<\/li>\r\n<\/ul>\r\n<\/li>\r\n<\/ul>\r\n<p>&nbsp;<\/p>\r\n<ul>\r\n<li>\r\n<div class=\"x_elementToProof\" role=\"presentation\" data-olk-copy-source=\"MessageBody\">AVISO N.\u00ba 10\/2026 \u2013 HOR\u00c1RIO N.\u00ba 31 \u2013 GR100<\/div>\r\n<ul>\r\n<li>\r\n<div class=\"x_elementToProof\" role=\"presentation\"><a href=\"https:\/\/aemachadodematos.pt\/agrupamento\/ficheiros\/contratacao-de-escola\/2526\/10\/AVISO10.pdf\">AVISO DE ABERTURA N.\u00ba 10\/2026<\/a><\/div>\r\n<\/li>\r\n<li>\r\n<div role=\"presentation\"><a href=\"https:\/\/aemachadodematos.pt\/agrupamento\/ficheiros\/contratacao-de-escola\/2526\/10\/horario_100.pdf\">HOR\u00c1RIO N.\u00ba 39\u00a0(20 HORAS \u2013 TEMPOR\u00c1RIO)<\/a><\/div>\r\n<\/li>\r\n<li><a href=\"https:\/\/aemachadodematos.pt\/agrupamento\/ficheiros\/contratacao-de-escola\/2526\/10\/lista_ordenada_100_H39.pdf\"><span role=\"presentation\">LISTA DE GRADUA\u00c7\u00c3O<\/span><\/a><\/li>\r\n<\/ul>\r\n<\/li>\r\n<\/ul>\r\n<p>&nbsp;<\/p>\r\n<ul>\r\n<li>AVISO N.\u00ba 9\/2025 \u2013 HOR\u00c1RIO N.\u00ba 34 \u2013 GR290<br \/>\r\n<ul class=\"wp-block-list\">\r\n<li><a href=\"https:\/\/aemachadodematos.pt\/agrupamento\/wp-content\/uploads\/2025\/10\/AVISO9.pdf\">AVISO DE ABERTURA N.\u00ba 9\/2025<\/a><\/li>\r\n<li><a href=\"https:\/\/aemachadodematos.pt\/agrupamento\/ficheiros\/contratacao-de-escola\/2526\/09\/H5_EMRC-1.pdf\">HOR\u00c1RIO N.\u00ba 34 (3 HORAS \u2013 TEMPOR\u00c1RIO)<\/a><\/li>\r\n<li><a href=\"https:\/\/aemachadodematos.pt\/agrupamento\/ficheiros\/contratacao-de-escola\/2526\/09\/H5_EMRC.pdf\">LISTA DE GRADUA\u00c7\u00c3O<\/a><\/li>\r\n<\/ul>\r\n<\/li>\r\n<\/ul>\r\n<p>&nbsp;<\/p>\r\n<ul>\r\n<li>AVISO N.\u00ba 8\/2025 \u2013 HOR\u00c1RIO N.\u00ba 29 \u2013 GR100<br \/>\r\n<ul class=\"wp-block-list\">\r\n<li><a href=\"https:\/\/aemachadodematos.pt\/agrupamento\/ficheiros\/contratacao-de-escola\/2526\/08\/AVISO8.pdf\">AVISO DE ABERTURA N.\u00ba 8\/2025<\/a><\/li>\r\n<li><a href=\"https:\/\/aemachadodematos.pt\/agrupamento\/ficheiros\/contratacao-de-escola\/2526\/08\/hor%C3%A1rio%2029.pdf\">HOR\u00c1RIO N.\u00ba 29 (20 HORAS \u2013 TEMPOR\u00c1RIO)<\/a><\/li>\r\n<li><a href=\"https:\/\/aemachadodematos.pt\/agrupamento\/wp-content\/uploads\/2025\/10\/H29-lista_ordenada.pdf\">LISTA DE GRADUA\u00c7\u00c3O<\/a><\/li>\r\n<\/ul>\r\n<\/li>\r\n<\/ul>\r\n<p>&nbsp;<\/p>\r\n<ul>\r\n<li>AVISO N.\u00ba 7\/2025 \u2013 HOR\u00c1RIO N.\u00ba 31 \u2013 GR100<br \/>\r\n<ul class=\"wp-block-list\">\r\n<li><a href=\"https:\/\/aemachadodematos.pt\/agrupamento\/ficheiros\/contratacao-de-escola\/2526\/07\/AVISO7.pdf\">AVISO DE ABERTURA N.\u00ba 7\/2025<\/a><\/li>\r\n<li><a href=\"https:\/\/aemachadodematos.pt\/agrupamento\/ficheiros\/contratacao-de-escola\/2526\/07\/hor%C3%A1rio%2031.pdf\">HOR\u00c1RIO N.\u00ba 31 (20 HORAS \u2013 TEMPOR\u00c1RIO)<\/a><\/li>\r\n<li><a href=\"https:\/\/aemachadodematos.pt\/agrupamento\/wp-content\/uploads\/2025\/10\/H31-Lista_ordenada.pdf\">LISTA DE GRADUA\u00c7\u00c3O<\/a><\/li>\r\n<\/ul>\r\n<\/li>\r\n<\/ul>\r\n<p>&nbsp;<\/p>\r\n<ul>\r\n<li>AVISO N.\u00ba 6\/2025 \u2013 HOR\u00c1RIO N.\u00ba 9 \u2013 GR290<br \/>\r\n<ul class=\"wp-block-list\">\r\n<li><a href=\"https:\/\/aemachadodematos.pt\/agrupamento\/ficheiros\/contratacao-de-escola\/2526\/06\/AVISO-06.pdf\">AVISO DE ABERTURA N.\u00ba 6\/2025<\/a><\/li>\r\n<li><a href=\"https:\/\/aemachadodematos.pt\/agrupamento\/ficheiros\/contratacao-de-escola\/2526\/06\/Horario-290-06.pdf\">HOR\u00c1RIO N.\u00ba 9 (07 HORAS \u2013 TEMPOR\u00c1RIO)<\/a><\/li>\r\n<li>LISTA DE GRADUA\u00c7\u00c3O<\/li>\r\n<\/ul>\r\n<\/li>\r\n<\/ul>\r\n<p>&nbsp;<\/p>\r\n<ul>\r\n<li>AVISO N.\u00ba 5\/2025 \u2013 HOR\u00c1RIO N.\u00ba 18 \u2013 GR110<br \/>\r\n<ul class=\"wp-block-list\">\r\n<li><a href=\"https:\/\/aemachadodematos.pt\/agrupamento\/ficheiros\/contratacao-de-escola\/2526\/05\/AVISO_h13_25-26.pdf\">AVISO DE ABERTURA N.\u00ba 5\/2025<\/a><\/li>\r\n<li><a href=\"https:\/\/aemachadodematos.pt\/agrupamento\/ficheiros\/contratacao-de-escola\/2526\/05\/horario_h13_25-26.pdf\">HOR\u00c1RIO N.\u00ba 13 (20 HORAS \u2013 TEMPOR\u00c1RIO)<\/a><\/li>\r\n<li><a href=\"https:\/\/aemachadodematos.pt\/agrupamento\/ficheiros\/contratacao-de-escola\/2526\/05\/H13-Lista_ordenada_100.pdf\" target=\"_blank\" rel=\"noopener\">LISTA DE GRADUA\u00c7\u00c3O<\/a><\/li>\r\n<\/ul>\r\n<\/li>\r\n<\/ul>\r\n<p>&nbsp;<\/p>\r\n<ul class=\"wp-block-list\">\r\n<li>AVISO N.\u00ba 4\/2025 \u2013 HOR\u00c1RIO N.\u00ba 18 \u2013 GR620<br \/>\r\n<ul class=\"wp-block-list\">\r\n<li><a href=\"https:\/\/aemachadodematos.pt\/agrupamento\/ficheiros\/contratacao-de-escola\/2526\/04\/Aviso-Abertura-04.pdf\" target=\"_blank\" rel=\"noreferrer noopener\">AVISO DE ABERTURA N.\u00ba4\/2025<\/a><\/li>\r\n<li><a href=\"https:\/\/aemachadodematos.pt\/agrupamento\/ficheiros\/contratacao-de-escola\/2526\/04\/Horario-620-4.pdf\" target=\"_blank\" rel=\"noreferrer noopener\">HOR\u00c1RIO N.\u00ba 18 (6 HORAS \u2013 TEMPOR\u00c1RIO)<\/a><\/li>\r\n<li><a href=\"https:\/\/aemachadodematos.pt\/agrupamento\/ficheiros\/contratacao-de-escola\/2526\/04\/Lista-Graducao-04.pdf\" target=\"_blank\" rel=\"noreferrer noopener\" data-type=\"link\" data-id=\"https:\/\/aemachadodematos.pt\/agrupamento\/ficheiros\/contratacao-de-escola\/2526\/04\/Lista-Graducao-04.pdf\">LISTA DE GRADUA\u00c7\u00c3O<\/a><\/li>\r\n<\/ul>\r\n<\/li>\r\n<\/ul>\r\n<p>&nbsp;<\/p>\r\n<ul class=\"wp-block-list\">\r\n<li>AVISO N.\u00ba 3\/2025 \u2013 HOR\u00c1RIO N.\u00ba 9 \u2013 GR290 (ANULADO)<br \/>\r\n<ul class=\"wp-block-list\">\r\n<li><a href=\"https:\/\/aemachadodematos.pt\/agrupamento\/ficheiros\/contratacao-de-escola\/2526\/03\/Aviso-Abertura-03.pdf\" target=\"_blank\" rel=\"noreferrer noopener\">AVISO DE ABERTURA N.\u00ba3\/2025<\/a><\/li>\r\n<li><a href=\"https:\/\/aemachadodematos.pt\/agrupamento\/ficheiros\/contratacao-de-escola\/2526\/03\/Horario_290_3.pdf\" target=\"_blank\" rel=\"noreferrer noopener\">HOR\u00c1RIO N.\u00ba 9 (8 HORAS \u2013 TEMPOR\u00c1RIO)<\/a><\/li>\r\n<li>LISTA DE GRADUA\u00c7\u00c3O<\/li>\r\n<\/ul>\r\n<\/li>\r\n<\/ul>\r\n<p>&nbsp;<\/p>\r\n<ul class=\"wp-block-list\">\r\n<li>AVISO N.\u00ba 2\/2025 \u2013 HOR\u00c1RIO N.\u00ba 6 \u2013 T\u00e9cnico Especializado (Psic\u00f3logo(a))<br \/>\r\n<ul class=\"wp-block-list\">\r\n<li><a href=\"https:\/\/aemachadodematos.pt\/agrupamento\/ficheiros\/contratacao-de-escola\/2526\/02\/Aviso-Abertura-02.pdf\" target=\"_blank\" rel=\"noreferrer noopener\">AVISO DE ABERTURA N.\u00ba2\/2025<\/a><\/li>\r\n<li>HOR\u00c1RIO N.\u00ba 6 (10 HORAS \u2013 TEMPOR\u00c1RIO)<\/li>\r\n<li><a href=\"https:\/\/aemachadodematos.pt\/agrupamento\/ficheiros\/contratacao-de-escola\/2526\/02\/Lista-Admissao-02.pdf\" target=\"_blank\" rel=\"noreferrer noopener\" data-type=\"link\" data-id=\"https:\/\/aemachadodematos.pt\/agrupamento\/ficheiros\/contratacao-de-escola\/2526\/02\/Aviso-Abertura-02.pdf\">LISTA DE ADMISS\u00c3O<\/a><\/li>\r\n<li><a href=\"https:\/\/aemachadodematos.pt\/agrupamento\/ficheiros\/contratacao-de-escola\/2526\/02\/Lista-Ordenacao-02.pdf\" target=\"_blank\" rel=\"noreferrer noopener\" data-type=\"link\" data-id=\"https:\/\/aemachadodematos.pt\/agrupamento\/ficheiros\/contratacao-de-escola\/2526\/02\/Lista-Ordenacao-02.pdf\">LISTA DE ORDENA\u00c7\u00c3O \u2013 AVALIA\u00c7\u00c3O DE PORTEF\u00d3LIO E EXPERI\u00caNCIA PROFISSIONAL<\/a><\/li>\r\n<li><a href=\"https:\/\/aemachadodematos.pt\/agrupamento\/wp-content\/uploads\/2025\/10\/Contratacao-de-Escola-Lista-Ordenacao-Final.pdf\" target=\"_blank\" rel=\"noopener\">LISTA DE ORDENA\u00c7\u00c3O FINAL (CONSOLIDADA)<\/a><\/li>\r\n<\/ul>\r\n<\/li>\r\n<\/ul>\r\n<p>&nbsp;<\/p>\r\n<ul>\r\n<li>\r\n<div data-olk-copy-source=\"MailCompose\">AVISO N.\u00ba 1\/2025 \u2013 HOR\u00c1RIO N.\u00ba 3 \u2013 T\u00e9cnico Especializado (Restaurante\/Bar)<\/div>\r\n<ul>\r\n<li><a href=\"https:\/\/aemachadodematos.pt\/agrupamento\/ficheiros\/contratacao-de-escola\/2526\/01\/Aviso-Abertura-001.pdf\" target=\"_blank\" rel=\"noopener\">AVISO DE ABERTURA N.\u00ba1\/2025<\/a><\/li>\r\n<li>HOR\u00c1RIO N.\u00ba 3 (14 HORAS \u2013 AT\u00c9 31 DE AGOSTO)<\/li>\r\n<li><a href=\"https:\/\/aemachadodematos.pt\/agrupamento\/ficheiros\/contratacao-de-escola\/2526\/01\/Lista-Admissao-01.pdf\" target=\"_blank\" rel=\"noreferrer noopener\">LISTA DE ADMISS\u00c3O<\/a><\/li>\r\n<li><!-- wp:list --><br \/>\r\n<ul class=\"wp-block-list\">\r\n<li style=\"list-style-type: none;\">\r\n<ul class=\"wp-block-list\"><!-- wp:list-item --><!-- \/wp:list-item --><\/ul>\r\n<\/li>\r\n<\/ul>\r\n<p><!-- wp:list-item --><!-- \/wp:list-item --><!-- \/wp:list --><a href=\"https:\/\/aemachadodematos.pt\/agrupamento\/ficheiros\/contratacao-de-escola\/2526\/01\/Lista-Ordenacao-01.pdf\" target=\"_blank\" rel=\"noreferrer noopener\" data-type=\"link\" data-id=\"https:\/\/aemachadodematos.pt\/agrupamento\/ficheiros\/contratacao-de-escola\/2526\/01\/Lista-Ordenacao-01.pdf\">LISTA DE ORDENA\u00c7\u00c3O \u2013 AVALIA\u00c7\u00c3O DE PORTEF\u00d3LIO E EXPERI\u00caNCIA PROFISSIONAL<\/a><\/p>\r\n<\/li>\r\n<li><a href=\"https:\/\/aemachadodematos.pt\/agrupamento\/ficheiros\/contratacao-de-escola\/2526\/01\/LOF-01.pdf\" target=\"_blank\" rel=\"noopener\">LISTA DE ORDENA\u00c7\u00c3O FINAL<\/a><\/li>\r\n<\/ul>\r\n<\/li>\r\n<\/ul>\r\n<p>&nbsp;<\/p>\r\n<h3>ANO LETIVO 2024\/2025<\/h3>\r\n<p>&nbsp;<\/p>\r\n<ul>\r\n<li>\r\n<div data-olk-copy-source=\"MailCompose\">AVISO N.\u00ba 14\/2025 \u2013 HOR\u00c1RIO N.\u00ba 45 \u2013 GR550<\/div>\r\n<ul>\r\n<li><a href=\"https:\/\/aemachadodematos.pt\/agrupamento\/ficheiros\/contratacao-de-escola\/2425\/14\/Aviso%20de%20abertura%20n.\u00ba%2014_2024-2025.pdf\">AVISO DE ABERTURA N.\u00ba14\/2025<\/a><\/li>\r\n<li><a href=\"https:\/\/aemachadodematos.pt\/agrupamento\/ficheiros\/contratacao-de-escola\/2425\/14\/H45_1.pdf\">HOR\u00c1RIO N.\u00ba 45 (20 HORAS \u2013 TEMPOR\u00c1RIO)<\/a><\/li>\r\n<li><a href=\"https:\/\/aemachadodematos.pt\/agrupamento\/ficheiros\/contratacao-de-escola\/2425\/14\/Xerox%20Scan_29052025155550.pdf\">LISTA DE GRADUA\u00c7\u00c3O<\/a><\/li>\r\n<\/ul>\r\n<\/li>\r\n<\/ul>\r\n<p>&nbsp;<\/p>\r\n<ul>\r\n<li>\r\n<div data-olk-copy-source=\"MailCompose\">AVISO N.\u00ba 13\/2025 \u2013 HOR\u00c1RIO N.\u00ba 44 \u2013 GR550<\/div>\r\n<ul>\r\n<li><a id=\"OWAe519174c-077e-ca54-caa1-732153ba01cf\" class=\"OWAAutoLink\" href=\"https:\/\/aemachadodematos.pt\/agrupamento\/wp-content\/uploads\/2025\/05\/AVISO13_550.pdf\" target=\"_blank\" rel=\"noreferrer noopener\" data-id=\"https:\/\/www.aemachadodematos.pt\/agrupamento\/ficheiros\/contratacao-de-escola\/2425\/08\/AVISO-24-25-GR550-Horario-n31.pdf\" data-type=\"link\">AVISO DE ABERTURA N.\u00ba13\/2025<\/a><\/li>\r\n<li><a id=\"OWA85fbdd46-b767-7c56-0049-e4878ac2096f\" class=\"OWAAutoLink\" href=\"https:\/\/aemachadodematos.pt\/agrupamento\/wp-content\/uploads\/2025\/05\/H44_horario.pdf\" target=\"_blank\" rel=\"noreferrer noopener\" data-id=\"https:\/\/www.aemachadodematos.pt\/agrupamento\/ficheiros\/contratacao-de-escola\/2425\/11\/Horario-n31.pdf\" data-type=\"link\">HOR\u00c1RIO N.\u00ba 44 (22 HORAS \u2013 TEMPOR\u00c1RIO)<\/a><\/li>\r\n<li><a href=\"https:\/\/aemachadodematos.pt\/agrupamento\/wp-content\/uploads\/2025\/05\/Contratacao_Escola-550_H44.pdf\">LISTA DE GRADUA\u00c7\u00c3O<\/a><\/li>\r\n<\/ul>\r\n<\/li>\r\n<\/ul>\r\n<p>&nbsp;<\/p>\r\n<ul>\r\n<li>\r\n<div data-olk-copy-source=\"MailCompose\">AVISO N.\u00ba 12\/2025 \u2013 HOR\u00c1RIO N.\u00ba 41 \u2013 GR220<\/div>\r\n<ul>\r\n<li><a id=\"OWA9bb2574b-ce38-6875-474a-6af4770033b3\" class=\"OWAAutoLink\" href=\"https:\/\/aemachadodematos.pt\/agrupamento\/wp-content\/uploads\/2025\/05\/AVISO12_220.pdf\" target=\"_blank\" rel=\"noreferrer noopener\" data-type=\"link\" data-id=\"https:\/\/www.aemachadodematos.pt\/agrupamento\/ficheiros\/contratacao-de-escola\/2425\/08\/AVISO-24-25-GR550-Horario-n31.pdf\">AVISO DE ABERTURA N.\u00ba12\/2025<\/a><\/li>\r\n<li><a id=\"OWA7ff2af74-2fbe-1e58-0b39-cd36f0ec368e\" class=\"OWAAutoLink\" href=\"https:\/\/aemachadodematos.pt\/agrupamento\/wp-content\/uploads\/2025\/05\/Joao_Sousa-horario.pdf\" target=\"_blank\" rel=\"noreferrer noopener\" data-type=\"link\" data-id=\"https:\/\/www.aemachadodematos.pt\/agrupamento\/ficheiros\/contratacao-de-escola\/2425\/11\/Horario-n31.pdf\">HOR\u00c1RIO N.\u00ba 40 (10 HORAS \u2013 TEMPOR\u00c1RIO)<\/a><\/li>\r\n<li><a href=\"https:\/\/aemachadodematos.pt\/agrupamento\/wp-content\/uploads\/2025\/05\/Contratacao_Escola-220-H41.pdf\">LISTA DE GRADUA\u00c7\u00c3O<\/a><\/li>\r\n<\/ul>\r\n<\/li>\r\n<\/ul>\r\n<p>&nbsp;<\/p>\r\n<ul>\r\n<li>\r\n<div data-olk-copy-source=\"MailCompose\">AVISO N.\u00ba 11\/2025 \u2013 HOR\u00c1RIO N.\u00ba 40 \u2013 GR240<\/div>\r\n<ul>\r\n<li><a id=\"OWA5b8ea066-c0b5-19b9-8d05-7c6a28ebbd48\" class=\"OWAAutoLink\" href=\"https:\/\/aemachadodematos.pt\/agrupamento\/wp-content\/uploads\/2025\/05\/AVISO11_240.pdf\" target=\"_blank\" rel=\"noreferrer noopener\" data-id=\"https:\/\/www.aemachadodematos.pt\/agrupamento\/ficheiros\/contratacao-de-escola\/2425\/08\/AVISO-24-25-GR550-Horario-n31.pdf\" data-type=\"link\">AVISO DE ABERTURA N.\u00ba11\/2025<\/a><\/li>\r\n<li><a id=\"OWA2312847b-96fc-c11d-8a24-cd34c65ec757\" class=\"OWAAutoLink\" href=\"https:\/\/aemachadodematos.pt\/agrupamento\/wp-content\/uploads\/2025\/05\/Manuela-Pereira-horario.pdf\" target=\"_blank\" rel=\"noreferrer noopener\" data-id=\"https:\/\/www.aemachadodematos.pt\/agrupamento\/ficheiros\/contratacao-de-escola\/2425\/11\/Horario-n31.pdf\" data-type=\"link\">HOR\u00c1RIO N.\u00ba 40 (10 HORAS \u2013 TEMPOR\u00c1RIO)<\/a><\/li>\r\n<li><a href=\"https:\/\/aemachadodematos.pt\/agrupamento\/wp-content\/uploads\/2025\/05\/Contratacao_Escola-240-H40.pdf\">LISTA DE GRADUA\u00c7\u00c3O<\/a><\/li>\r\n<\/ul>\r\n<\/li>\r\n<\/ul>\r\n<p>&nbsp;<\/p>\r\n<ul class=\"wp-block-list\">\r\n<li>AVISO N.\u00ba 10\/2025 \u2013 HOR\u00c1RIO N.\u00ba 38 \u2013 GR330 (anulado)<br \/>\r\n<ul class=\"wp-block-list\">\r\n<li><a href=\"https:\/\/www.aemachadodematos.pt\/agrupamento\/ficheiros\/contratacao-de-escola\/2425\/10\/AVISO-24-25-GR330-Horario-n-38.pdf\" target=\"_blank\" rel=\"noreferrer noopener\" data-type=\"link\" data-id=\"https:\/\/www.aemachadodematos.pt\/agrupamento\/ficheiros\/contratacao-de-escola\/2425\/08\/AVISO-24-25-GR550-Horario-n31.pdf\">AVISO DE ABERTURA N.\u00ba10\/2025<\/a><\/li>\r\n<li><a href=\"https:\/\/www.aemachadodematos.pt\/agrupamento\/ficheiros\/contratacao-de-escola\/2425\/10\/Horario-n-38-GR330.pdf\" target=\"_blank\" rel=\"noreferrer noopener\" data-type=\"link\" data-id=\"https:\/\/www.aemachadodematos.pt\/agrupamento\/ficheiros\/contratacao-de-escola\/2425\/11\/Horario-n31.pdf\">HOR\u00c1RIO N.\u00ba 38 (18 HORAS \u2013 TEMPOR\u00c1RIO)<\/a><\/li>\r\n<li>LISTA DE GRADUA\u00c7\u00c3O<\/li>\r\n<\/ul>\r\n<\/li>\r\n<\/ul>\r\n<p>&nbsp;<\/p>\r\n<ul class=\"wp-block-list\">\r\n<li>AVISO N.\u00ba 09\/2025 \u2013 HOR\u00c1RIO N.\u00ba 34 \u2013 GR910<br \/>\r\n<ul class=\"wp-block-list\">\r\n<li><a href=\"https:\/\/www.aemachadodematos.pt\/agrupamento\/ficheiros\/contratacao-de-escola\/2425\/09\/AVISO-24-25-GR910-H34.pdf\" target=\"_blank\" rel=\"noreferrer noopener\" data-type=\"link\" data-id=\"https:\/\/www.aemachadodematos.pt\/agrupamento\/ficheiros\/contratacao-de-escola\/2425\/08\/AVISO-24-25-GR550-Horario-n31.pdf\">AVISO DE ABERTURA N.\u00ba09\/2025<\/a><\/li>\r\n<li><a href=\"https:\/\/www.aemachadodematos.pt\/agrupamento\/ficheiros\/contratacao-de-escola\/2425\/09\/Horario-GR910.pdf\" target=\"_blank\" rel=\"noreferrer noopener\" data-type=\"link\" data-id=\"https:\/\/www.aemachadodematos.pt\/agrupamento\/ficheiros\/contratacao-de-escola\/2425\/11\/Horario-n31.pdf\">HOR\u00c1RIO N.\u00ba 34 (20 HORAS \u2013 TEMPOR\u00c1RIO)<\/a><\/li>\r\n<li><a href=\"https:\/\/www.aemachadodematos.pt\/agrupamento\/ficheiros\/contratacao-de-escola\/2425\/09\/Contratacao-de-Escola-GR910.pdf\" target=\"_blank\" rel=\"noopener\">LISTA DE GRADUA\u00c7\u00c3O<\/a><\/li>\r\n<\/ul>\r\n<\/li>\r\n<\/ul>\r\n<p>&nbsp;<\/p>\r\n<ul class=\"wp-block-list\">\r\n<li>AVISO N.\u00ba 08\/2025 \u2013 HOR\u00c1RIO N.\u00ba 31 \u2013 GR550<br \/>\r\n<ul class=\"wp-block-list\">\r\n<li><a href=\"https:\/\/www.aemachadodematos.pt\/agrupamento\/ficheiros\/contratacao-de-escola\/2425\/08\/AVISO-24-25-GR550-Horario-n31.pdf\" target=\"_blank\" rel=\"noreferrer noopener\" data-type=\"link\" data-id=\"https:\/\/www.aemachadodematos.pt\/agrupamento\/ficheiros\/contratacao-de-escola\/2425\/08\/AVISO-24-25-GR550-Horario-n31.pdf\">AVISO DE ABERTURA N.\u00ba 8\/2025<\/a><\/li>\r\n<li><a href=\"https:\/\/www.aemachadodematos.pt\/agrupamento\/ficheiros\/contratacao-de-escola\/2425\/08\/Horario-n31.pdf\" target=\"_blank\" rel=\"noreferrer noopener\" data-type=\"link\" data-id=\"https:\/\/www.aemachadodematos.pt\/agrupamento\/ficheiros\/contratacao-de-escola\/2425\/11\/Horario-n31.pdf\">HOR\u00c1RIO N.\u00ba 31 (22 HORAS \u2013 TEMPOR\u00c1RIO)<\/a><\/li>\r\n<li><a href=\"https:\/\/www.aemachadodematos.pt\/agrupamento\/ficheiros\/contratacao-de-escola\/2425\/08\/lista_ordenada.pdf\" target=\"_blank\" rel=\"noreferrer noopener\">LISTA DE GRADUA\u00c7\u00c3O<\/a><\/li>\r\n<\/ul>\r\n<\/li>\r\n<\/ul>\r\n<p>&nbsp;<\/p>\r\n<ul class=\"wp-block-list\">\r\n<li>AVISO N.\u00ba 7\/2025 \u2013 HOR\u00c1RIO N.\u00ba 27 \u2013 GR100<br \/>\r\n<ul class=\"wp-block-list\">\r\n<li><a href=\"https:\/\/www.aemachadodematos.pt\/agrupamento\/ficheiros\/contratacao-de-escola\/2425\/07\/AVISO7_24-25_GR100_H27.pdf\" target=\"_blank\" rel=\"noreferrer noopener\">AVISO DE ABERTURA N.\u00ba 7\/2025<\/a><\/li>\r\n<li>HOR\u00c1RIO N.\u00ba 27 (20 HORAS \u2013 TEMPOR\u00c1RIO)<\/li>\r\n<li><a href=\"https:\/\/www.aemachadodematos.pt\/agrupamento\/ficheiros\/contratacao-de-escola\/2425\/07\/ContrataEscola-100.pdf\" target=\"_blank\" rel=\"noopener\">LISTA DE GRADUA\u00c7\u00c3O<\/a><\/li>\r\n<\/ul>\r\n<\/li>\r\n<\/ul>\r\n<p>&nbsp;<\/p>\r\n<ul class=\"wp-block-list\">\r\n<li>AVISO N.\u00ba 6\/2024 \u2013 HOR\u00c1RIO N.\u00ba 20 \u2013 GR100<br \/>\r\n<ul class=\"wp-block-list\">\r\n<li><a href=\"https:\/\/www.aemachadodematos.pt\/agrupamento\/ficheiros\/contratacao-de-escola\/2425\/06\/AVISO6-24-25-GR100-Horario-n20.pdf\" target=\"_blank\" rel=\"noreferrer noopener\">AVISO DE ABERTURA N.\u00ba 6\/2024<\/a><\/li>\r\n<li>HOR\u00c1RIO N.\u00ba 20 (20 HORAS \u2013 TEMPOR\u00c1RIO)<\/li>\r\n<li><a href=\"https:\/\/www.aemachadodematos.pt\/agrupamento\/ficheiros\/contratacao-de-escola\/2425\/06\/ContratacaoEscolaG100_H20.pdf\" target=\"_blank\" rel=\"noopener\">LISTA DE GRADUA\u00c7\u00c3O<\/a><\/li>\r\n<\/ul>\r\n<\/li>\r\n<\/ul>\r\n<p>&nbsp;<\/p>\r\n<ul class=\"wp-block-list\">\r\n<li>AVISO N.\u00ba 5\/2024 \u2013 HOR\u00c1RIO N.\u00ba 18 \u2013 T\u00e9cnico Especializado (Psic\u00f3logo)<br \/>\r\n<ul class=\"wp-block-list\">\r\n<li><a href=\"https:\/\/www.aemachadodematos.pt\/agrupamento\/ficheiros\/contratacao-de-escola\/2425\/05\/AVISO5-24-25-PSIC-Horario-n-18.pdf\" target=\"_blank\" rel=\"noreferrer noopener\">AVISO DE ABERTURA N.\u00ba5\/2024<\/a><\/li>\r\n<li>HOR\u00c1RIO N.\u00ba 18 (35 HORAS \u2013 TEMPOR\u00c1RIO)<\/li>\r\n<li><a href=\"https:\/\/www.aemachadodematos.pt\/agrupamento\/ficheiros\/contratacao-de-escola\/2425\/05\/Lista_admissao_TE_psicologo2.pdf\" target=\"_blank\" rel=\"noreferrer noopener\">LISTA DE ADMISS\u00c3O<\/a><\/li>\r\n<li><a href=\"https:\/\/www.aemachadodematos.pt\/agrupamento\/ficheiros\/contratacao-de-escola\/2425\/05\/Lista_Portefolio_Anos_experiencia.pdf\" target=\"_blank\" rel=\"noreferrer noopener\">LISTA AVALIA\u00c7\u00c3O DE PORTEF\u00d3LIO E EXPERI\u00caNCIA PROFISSIONAL<\/a><\/li>\r\n<li><a href=\"https:\/\/www.aemachadodematos.pt\/agrupamento\/ficheiros\/contratacao-de-escola\/2425\/05\/Contratacao-de-Escola-Final-H18.pdf\" target=\"_blank\" rel=\"noreferrer noopener\" data-type=\"link\" data-id=\"https:\/\/www.aemachadodematos.pt\/agrupamento\/ficheiros\/contratacao-de-escola\/2425\/05\/Contratacao-de-Escola-Final-H18.pdf\">LISTA DE ORDENA\u00c7\u00c3O FINAL<\/a><\/li>\r\n<\/ul>\r\n<\/li>\r\n<\/ul>\r\n<p>&nbsp;<\/p>\r\n<ul class=\"wp-block-list\">\r\n<li>AVISO N.\u00ba 4\/2024 \u2013 HOR\u00c1RIO N.\u00ba 17 \u2013 GR100<br \/>\r\n<ul class=\"wp-block-list\">\r\n<li><a href=\"https:\/\/www.aemachadodematos.pt\/agrupamento\/ficheiros\/contratacao-de-escola\/2425\/04\/AVISO3-24-25-GR100-Horario-n-17.pdf\" target=\"_blank\" rel=\"noreferrer noopener\">AVISO DE ABERTURA N.\u00ba 4\/2024<\/a><\/li>\r\n<li>HOR\u00c1RIO N.\u00ba 17 (05 HORAS \u2013 AT\u00c9 31 DE AGOSTO)<\/li>\r\n<li><a href=\"https:\/\/www.aemachadodematos.pt\/agrupamento\/ficheiros\/contratacao-de-escola\/2425\/04\/ContratacaoEscolaG100_H17.pdf\" target=\"_blank\" rel=\"noopener\">LISTA DE GRADUA\u00c7\u00c3O<\/a><\/li>\r\n<\/ul>\r\n<\/li>\r\n<\/ul>\r\n<p>&nbsp;<\/p>\r\n<ul>\r\n<li>AVISO N.\u00ba 3\/2024 \u2013 HOR\u00c1RIO N.\u00ba 13 \u2013 100 (Educa\u00e7\u00e3o Pr\u00e9-escolar)<br \/>\r\n<ul class=\"wp-block-list\">\r\n<li><a href=\"https:\/\/www.aemachadodematos.pt\/agrupamento\/ficheiros\/contratacao-de-escola\/2425\/03\/Aviso-Abertura-03.pdf\" target=\"_blank\" rel=\"noreferrer noopener\">AVISO DE ABERTURA N.\u00ba3\/2024<\/a><\/li>\r\n<li>HOR\u00c1RIO N.\u00ba 13 (5 HORAS \u2013 AT\u00c9 31 DE AGOSTO)<\/li>\r\n<li><a href=\"https:\/\/www.aemachadodematos.pt\/agrupamento\/ficheiros\/contratacao-de-escola\/2425\/03\/Lista-de-graduacao-GR100-03.pdf\" target=\"_blank\" rel=\"noopener\">LISTA DE GRADUA\u00c7\u00c3O<\/a><\/li>\r\n<\/ul>\r\n<\/li>\r\n<\/ul>\r\n<p><!--<\/p>\r\n<li>LISTA DE ADMISS\u00c3O<\/li>\r\n<li>AVALIA\u00c7\u00c3O DE PORTEF\u00d3LIO E EXPERI\u00caNCIA PROFISSIONAL<\/li>\r\n<p>--><\/p>\r\n<p><!--<\/p>\r\n<li><a href=\"https:\/\/www.aemachadodematos.pt\/agrupamento\/ficheiros\/contratacao-de-escola\/2223\/4\/20230512150332685.pdf\" target=\"_blank\" rel=\"noopener\">LISTA GRADUADA<\/a><\/li>\r\n<p>--><\/p>\r\n<p>&nbsp;<\/p>\r\n<ul>\r\n<li>AVISO N.\u00ba 2\/2024 \u2013 HOR\u00c1RIO N.\u00ba 12 \u2013 T\u00e9cnico Especializado (Restaurante\/Bar)<br \/>\r\n<ul class=\"wp-block-list\">\r\n<li><a href=\"https:\/\/www.aemachadodematos.pt\/agrupamento\/ficheiros\/contratacao-de-escola\/2425\/02\/Aviso-Abertura-02.pdf\" target=\"_blank\" rel=\"noreferrer noopener\">AVISO DE ABERTURA N.\u00ba2\/2024<\/a><\/li>\r\n<li>HOR\u00c1RIO N.\u00ba 12 (18 HORAS \u2013 AT\u00c9 31 DE AGOSTO)<\/li>\r\n<li><a href=\"https:\/\/www.aemachadodematos.pt\/agrupamento\/ficheiros\/contratacao-de-escola\/2425\/02\/Admissao-02.pdf\">LISTA DE ADMISS\u00c3O, AVALIA\u00c7\u00c3O DE PORTEF\u00d3LIO E EXPERI\u00caNCIA PROFISSIONAL<\/a><\/li>\r\n<li><a href=\"https:\/\/www.aemachadodematos.pt\/agrupamento\/ficheiros\/contratacao-de-escola\/2425\/02\/Lista-Ordenacao-Final-2.pdf\" target=\"_blank\" rel=\"noreferrer noopener\" data-rich-text-format-boundary=\"true\">LISTA UNIT\u00c1RIA DE ORDENA\u00c7\u00c3O FINAL<\/a><\/li>\r\n<\/ul>\r\n<\/li>\r\n<\/ul>\r\n<p><!--<\/p>\r\n<li>LISTA DE ADMISS\u00c3O<\/li>\r\n<li>AVALIA\u00c7\u00c3O DE PORTEF\u00d3LIO E EXPERI\u00caNCIA PROFISSIONAL<\/li>\r\n<p>--><\/p>\r\n<p><!--<\/p>\r\n<li><a href=\"https:\/\/www.aemachadodematos.pt\/agrupamento\/ficheiros\/contratacao-de-escola\/2223\/4\/20230512150332685.pdf\" target=\"_blank\" rel=\"noopener\">LISTA GRADUADA<\/a><\/li>\r\n<p>--><\/p>\r\n<h3>\u00a0<\/h3>\r\n<ul>\r\n<li>AVISO N.\u00ba 1\/2024 \u2013 HOR\u00c1RIO N.\u00ba 11 \u2013 T\u00e9cnico Especializado (Psic\u00f3logo)<br \/>\r\n<ul class=\"wp-block-list\">\r\n<li><a href=\"https:\/\/www.aemachadodematos.pt\/agrupamento\/ficheiros\/contratacao-de-escola\/2425\/01\/Aviso-Abertura-01.pdf\" target=\"_blank\" rel=\"noreferrer noopener\">AVISO DE ABERTURA N.\u00ba1\/2024<\/a><\/li>\r\n<li>HOR\u00c1RIO N.\u00ba 11 (18 HORAS \u2013 AT\u00c9 31 DE AGOSTO)<\/li>\r\n<li><a href=\"https:\/\/www.aemachadodematos.pt\/agrupamento\/ficheiros\/contratacao-de-escola\/2425\/01\/Listagem-01.pdf\" target=\"_blank\" rel=\"noopener\">LISTA DE ADMISS\u00c3O, AVALIA\u00c7\u00c3O DE PORTEF\u00d3LIO E EXPERI\u00caNCIA PROFISSIONAL<\/a><\/li>\r\n<li><a href=\"https:\/\/www.aemachadodematos.pt\/agrupamento\/ficheiros\/contratacao-de-escola\/2425\/01\/Contratacao_de_Escola_Psicologo2.pdf\" target=\"_blank\" rel=\"noreferrer noopener\" data-type=\"link\" data-id=\"https:\/\/www.aemachadodematos.pt\/agrupamento\/ficheiros\/contratacao-de-escola\/2425\/01\/20240910161914696.pdf\">LISTA UNIT\u00c1RIA DE ORDENA\u00c7\u00c3O FINAL<\/a><\/li>\r\n<\/ul>\r\n<\/li>\r\n<\/ul>\r\n<p><!--<\/p>\r\n<li>LISTA DE ADMISS\u00c3O<\/li>\r\n<li>AVALIA\u00c7\u00c3O DE PORTEF\u00d3LIO E EXPERI\u00caNCIA PROFISSIONAL<\/li>\r\n<p>--><\/p>\r\n<p><!--<\/p>\r\n<li><a href=\"https:\/\/www.aemachadodematos.pt\/agrupamento\/ficheiros\/contratacao-de-escola\/2223\/4\/20230512150332685.pdf\" target=\"_blank\" rel=\"noopener\">LISTA GRADUADA<\/a><\/li>\r\n<p>--><\/p>\r\n<p>&nbsp;<\/p>\r\n<h3>ANO LETIVO 2023\/2024<\/h3>\r\n<p>&nbsp;<\/p>\r\n<ul>\r\n<li>AVISO N.\u00ba 13\/2024 &#8211; HOR\u00c1RIO N.\u00ba 40 &#8211; GR330\r\n<ul>\r\n<li><a href=\"https:\/\/www.aemachadodematos.pt\/agrupamento\/ficheiros\/contratacao-de-escola\/2324\/13\/AVISO2-23-24-GR330-n13.pdf\" target=\"_blank\" rel=\"noopener\">AVISO DE ABERTURA N.\u00ba13\/2024<\/a><\/li>\r\n<li><a href=\"https:\/\/www.aemachadodematos.pt\/agrupamento\/ficheiros\/contratacao-de-escola\/2324\/13\/horario-40-Gr330.pdf\" target=\"_blank\" rel=\"noopener\">HOR\u00c1RIO N.\u00ba 40 (20 HORAS &#8211; TEMPOR\u00c1RIO)<\/a><\/li>\r\n<li><a href=\"https:\/\/www.aemachadodematos.pt\/agrupamento\/ficheiros\/contratacao-de-escola\/2324\/13\/Lista-ordenada-GR330.pdf\" target=\"_blank\" rel=\"noopener\">LISTA DE GRADUA\u00c7\u00c3O<\/a><\/li>\r\n<\/ul>\r\n<\/li>\r\n<\/ul>\r\n<p><!--<\/p>\r\n<li>LISTA DE ADMISS\u00c3O<\/li>\r\n<li>AVALIA\u00c7\u00c3O DE PORTEF\u00d3LIO E EXPERI\u00caNCIA PROFISSIONAL<\/li>\r\n<p>--><\/p>\r\n<p><!--<\/p>\r\n<li><a href=\"https:\/\/www.aemachadodematos.pt\/agrupamento\/ficheiros\/contratacao-de-escola\/2223\/4\/20230512150332685.pdf\" target=\"_blank\" rel=\"noopener\">LISTA GRADUADA<\/a><\/li>\r\n<p>--><\/p>\r\n<p>&nbsp;<\/p>\r\n<ul>\r\n<li>AVISO N.\u00ba 12\/2024 &#8211; HOR\u00c1RIO N.\u00ba 35 &#8211; GR290\r\n<ul>\r\n<li><a href=\"https:\/\/www.aemachadodematos.pt\/agrupamento\/ficheiros\/contratacao-de-escola\/2324\/12\/AVISO12_290.pdf\" target=\"_blank\" rel=\"noopener\">AVISO DE ABERTURA N.\u00ba12\/2024<\/a><\/li>\r\n<li><a href=\"https:\/\/www.aemachadodematos.pt\/agrupamento\/ficheiros\/contratacao-de-escola\/2324\/12\/Horario_290.pdf\" target=\"_blank\" rel=\"noopener\">HOR\u00c1RIO N.\u00ba 35 (8 HORAS &#8211; AT\u00c9 31 DE AGOSTO)<\/a><\/li>\r\n<li><a href=\"https:\/\/www.aemachadodematos.pt\/agrupamento\/ficheiros\/contratacao-de-escola\/2324\/12\/Contrata-290.pdf\" target=\"_blank\" rel=\"noopener\">LISTA DE GRADUA\u00c7\u00c3O<\/a><\/li>\r\n<\/ul>\r\n<\/li>\r\n<\/ul>\r\n<p><!--<\/p>\r\n<li>LISTA DE ADMISS\u00c3O<\/li>\r\n<li>AVALIA\u00c7\u00c3O DE PORTEF\u00d3LIO E EXPERI\u00caNCIA PROFISSIONAL<\/li>\r\n<p>--><\/p>\r\n<p><!--<\/p>\r\n<li><a href=\"https:\/\/www.aemachadodematos.pt\/agrupamento\/ficheiros\/contratacao-de-escola\/2223\/4\/20230512150332685.pdf\" target=\"_blank\" rel=\"noopener\">LISTA GRADUADA<\/a><\/li>\r\n<p>--><\/p>\r\n<p>&nbsp;<\/p>\r\n<ul>\r\n<li>AVISO N.\u00ba 11\/2024 &#8211; HOR\u00c1RIO N.\u00ba 31 &#8211; GR550\r\n<ul>\r\n<li><a href=\"https:\/\/www.aemachadodematos.pt\/agrupamento\/ficheiros\/contratacao-de-escola\/2324\/11\/AVISO2-23-24-GR550-n-11.pdf\" target=\"_blank\" rel=\"noopener\">AVISO DE ABERTURA N.\u00ba11\/2024<\/a><\/li>\r\n<li><a href=\"https:\/\/www.aemachadodematos.pt\/agrupamento\/ficheiros\/contratacao-de-escola\/2324\/11\/Horario-temporario.pdf\" target=\"_blank\" rel=\"noopener\">HOR\u00c1RIO N.\u00ba 31 (15 HORAS &#8211; TEMPOR\u00c1RIO)<\/a><\/li>\r\n<li><a href=\"https:\/\/www.aemachadodematos.pt\/agrupamento\/ficheiros\/contratacao-de-escola\/2324\/11\/ListaGR550.pdf\" target=\"_blank\" rel=\"noopener\">LISTA DE GRADUA\u00c7\u00c3O<\/a><\/li>\r\n<\/ul>\r\n<\/li>\r\n<\/ul>\r\n<p><!--<\/p>\r\n<li>LISTA DE ADMISS\u00c3O<\/li>\r\n<li>AVALIA\u00c7\u00c3O DE PORTEF\u00d3LIO E EXPERI\u00caNCIA PROFISSIONAL<\/li>\r\n<p>--><\/p>\r\n<p><!--<\/p>\r\n<li><a href=\"https:\/\/www.aemachadodematos.pt\/agrupamento\/ficheiros\/contratacao-de-escola\/2223\/4\/20230512150332685.pdf\" target=\"_blank\" rel=\"noopener\">LISTA GRADUADA<\/a><\/li>\r\n<p>--><\/p>\r\n<p>&nbsp;<\/p>\r\n<ul>\r\n<li>AVISO N.\u00ba 10\/2023 &#8211; HOR\u00c1RIO N.\u00ba 25 &#8211; GR410 (ANULADO)\r\n<ul>\r\n<li><a href=\"https:\/\/www.aemachadodematos.pt\/agrupamento\/ficheiros\/contratacao-de-escola\/2324\/10\/AVISO2_nr_10_23-24_nr_25_GR410.pdf\" target=\"_blank\" rel=\"noopener\">AVISO DE ABERTURA N.\u00ba10\/2023<\/a><\/li>\r\n<li><a href=\"https:\/\/www.aemachadodematos.pt\/agrupamento\/ficheiros\/contratacao-de-escola\/2324\/10\/GR410.pdf\" target=\"_blank\" rel=\"noopener\">HOR\u00c1RIO N.\u00ba 25 (10 HORAS &#8211; TEMPOR\u00c1RIO)<\/a><\/li>\r\n<li>LISTA DE GRADUA\u00c7\u00c3O<\/li>\r\n<\/ul>\r\n<\/li>\r\n<\/ul>\r\n<p><!--<\/p>\r\n<li>LISTA DE ADMISS\u00c3O<\/li>\r\n<li>AVALIA\u00c7\u00c3O DE PORTEF\u00d3LIO E EXPERI\u00caNCIA PROFISSIONAL<\/li>\r\n<p>--><\/p>\r\n<p><!--<\/p>\r\n<li><a href=\"https:\/\/www.aemachadodematos.pt\/agrupamento\/ficheiros\/contratacao-de-escola\/2223\/4\/20230512150332685.pdf\" target=\"_blank\" rel=\"noopener\">LISTA GRADUADA<\/a><\/li>\r\n<p>--><\/p>\r\n<p>&nbsp;<\/p>\r\n<ul>\r\n<li>AVISO N.\u00ba 9\/2023 &#8211; HOR\u00c1RIO N.\u00ba 26 &#8211; GR550\r\n<ul>\r\n<li><a href=\"https:\/\/www.aemachadodematos.pt\/agrupamento\/ficheiros\/contratacao-de-escola\/2324\/9\/AVISO2_nr_9_23-24_nr_26_GR550.pdf\" target=\"_blank\" rel=\"noopener\">AVISO DE ABERTURA N.\u00ba9\/2023<\/a><\/li>\r\n<li><a href=\"https:\/\/www.aemachadodematos.pt\/agrupamento\/ficheiros\/contratacao-de-escola\/2324\/9\/GR550.pdf\" target=\"_blank\" rel=\"noopener\">HOR\u00c1RIO N.\u00ba 26 (15 HORAS &#8211; TEMPOR\u00c1RIO)<\/a><\/li>\r\n<li>LISTA DE GRADUA\u00c7\u00c3O<\/li>\r\n<\/ul>\r\n<\/li>\r\n<\/ul>\r\n<p><!--<\/p>\r\n<li>LISTA DE ADMISS\u00c3O<\/li>\r\n<li>AVALIA\u00c7\u00c3O DE PORTEF\u00d3LIO E EXPERI\u00caNCIA PROFISSIONAL<\/li>\r\n<p>--><\/p>\r\n<p><!--<\/p>\r\n<li><a href=\"https:\/\/www.aemachadodematos.pt\/agrupamento\/ficheiros\/contratacao-de-escola\/2223\/4\/20230512150332685.pdf\" target=\"_blank\" rel=\"noopener\">LISTA GRADUADA<\/a><\/li>\r\n<p>--><\/p>\r\n<p>&nbsp;<\/p>\r\n<ul>\r\n<li>AVISO N.\u00ba 8\/2023 &#8211; HOR\u00c1RIO N.\u00ba 22 &#8211; GR290\r\n<ul>\r\n<li><a href=\"https:\/\/www.aemachadodematos.pt\/agrupamento\/ficheiros\/contratacao-de-escola\/2324\/8\/AVISO8-GR290.pdf\" target=\"_blank\" rel=\"noopener\">AVISO DE ABERTURA N.\u00ba8\/2023<\/a><\/li>\r\n<li><a href=\"https:\/\/www.aemachadodematos.pt\/agrupamento\/ficheiros\/contratacao-de-escola\/2324\/8\/HORARIO-290.pdf\" target=\"_blank\" rel=\"noopener\">HOR\u00c1RIO N.\u00ba 23 (8 HORAS &#8211; AT\u00c9 31 DE AGOSTO)<\/a><\/li>\r\n<li>LISTA DE GRADUA\u00c7\u00c3O<\/li>\r\n<\/ul>\r\n<\/li>\r\n<\/ul>\r\n<p><!--<\/p>\r\n<li>LISTA DE ADMISS\u00c3O<\/li>\r\n<li>AVALIA\u00c7\u00c3O DE PORTEF\u00d3LIO E EXPERI\u00caNCIA PROFISSIONAL<\/li>\r\n<p>--><\/p>\r\n<p><!--<\/p>\r\n<li><a href=\"https:\/\/www.aemachadodematos.pt\/agrupamento\/ficheiros\/contratacao-de-escola\/2223\/4\/20230512150332685.pdf\" target=\"_blank\" rel=\"noopener\">LISTA GRADUADA<\/a><\/li>\r\n<p>--><\/p>\r\n<p>&nbsp;<\/p>\r\n<ul>\r\n<li>AVISO N.\u00ba 7\/2023 &#8211; HOR\u00c1RIO N.\u00ba 21 &#8211; GR400\r\n<ul>\r\n<li><a href=\"https:\/\/www.aemachadodematos.pt\/agrupamento\/ficheiros\/contratacao-de-escola\/2324\/7\/AVISO7GR400.pdf\" target=\"_blank\" rel=\"noopener\">AVISO DE ABERTURA N.\u00ba7\/2023<\/a><\/li>\r\n<li><a href=\"https:\/\/www.aemachadodematos.pt\/agrupamento\/ficheiros\/contratacao-de-escola\/2324\/7\/horario.pdf\" target=\"_blank\" rel=\"noopener\">HOR\u00c1RIO N.\u00ba 21 (12 HORAS &#8211; TEMPOR\u00c1RIO)<\/a><\/li>\r\n<li><a href=\"https:\/\/www.aemachadodematos.pt\/agrupamento\/ficheiros\/contratacao-de-escola\/2324\/7\/CE_G400.pdf\" target=\"_blank\" rel=\"noopener\">LISTA DE GRADUA\u00c7\u00c3O<\/a><\/li>\r\n<\/ul>\r\n<\/li>\r\n<\/ul>\r\n<p><!--<\/p>\r\n<li>LISTA DE ADMISS\u00c3O<\/li>\r\n<li>AVALIA\u00c7\u00c3O DE PORTEF\u00d3LIO E EXPERI\u00caNCIA PROFISSIONAL<\/li>\r\n<p>--><\/p>\r\n<p><!--<\/p>\r\n<li><a href=\"https:\/\/www.aemachadodematos.pt\/agrupamento\/ficheiros\/contratacao-de-escola\/2223\/4\/20230512150332685.pdf\" target=\"_blank\" rel=\"noopener\">LISTA GRADUADA<\/a><\/li>\r\n<p>--><\/p>\r\n<p>&nbsp;<\/p>\r\n<ul>\r\n<li>AVISO N.\u00ba 6\/2023 &#8211; HOR\u00c1RIO N.\u00ba 20 &#8211; GR540\r\n<ul>\r\n<li><a href=\"https:\/\/www.aemachadodematos.pt\/agrupamento\/ficheiros\/contratacao-de-escola\/2324\/6\/AVISO2-23-24-GR540.pdf\" target=\"_blank\" rel=\"noopener\">AVISO DE ABERTURA N.\u00ba6\/2023<\/a><\/li>\r\n<li><a href=\"https:\/\/www.aemachadodematos.pt\/agrupamento\/ficheiros\/contratacao-de-escola\/2324\/6\/Horario-GR-540.pdf\" target=\"_blank\" rel=\"noopener\">HOR\u00c1RIO N.\u00ba 20 (15 HORAS) &#8211; AT\u00c9 31 DE AGOSTO)<\/a><\/li>\r\n<li>LISTA DE GRADUA\u00c7\u00c3O<\/li>\r\n<\/ul>\r\n<\/li>\r\n<\/ul>\r\n<p><!--<\/p>\r\n<li>LISTA DE ADMISS\u00c3O<\/li>\r\n<li>AVALIA\u00c7\u00c3O DE PORTEF\u00d3LIO E EXPERI\u00caNCIA PROFISSIONAL<\/li>\r\n<p>--><\/p>\r\n<p><!--<\/p>\r\n<li><a href=\"https:\/\/www.aemachadodematos.pt\/agrupamento\/ficheiros\/contratacao-de-escola\/2223\/4\/20230512150332685.pdf\" target=\"_blank\" rel=\"noopener\">LISTA GRADUADA<\/a><\/li>\r\n<p>--><\/p>\r\n<p>&nbsp;<\/p>\r\n<ul>\r\n<li>AVISO N.\u00ba 5\/2023 &#8211; HOR\u00c1RIO N.\u00ba 1 &#8211; GR290\r\n<ul>\r\n<li><a href=\"https:\/\/www.aemachadodematos.pt\/agrupamento\/ficheiros\/contratacao-de-escola\/2324\/5\/AVISO5_290.pdf\" target=\"_blank\" rel=\"noopener\">AVISO DE ABERTURA N.\u00ba5\/2023<\/a><\/li>\r\n<li><a href=\"https:\/\/www.aemachadodematos.pt\/agrupamento\/ficheiros\/contratacao-de-escola\/2324\/5\/HORARIO_290.pdf\" target=\"_blank\" rel=\"noopener\">HOR\u00c1RIO N.\u00ba 1 (8 HORAS) &#8211; AT\u00c9 31 DE AGOSTO)<\/a><\/li>\r\n<li>LISTA DE GRADUA\u00c7\u00c3O<\/li>\r\n<\/ul>\r\n<\/li>\r\n<\/ul>\r\n<p><!--<\/p>\r\n<li>LISTA DE ADMISS\u00c3O<\/li>\r\n<li>AVALIA\u00c7\u00c3O DE PORTEF\u00d3LIO E EXPERI\u00caNCIA PROFISSIONAL<\/li>\r\n<p>--><\/p>\r\n<p><!--<\/p>\r\n<li><a href=\"https:\/\/www.aemachadodematos.pt\/agrupamento\/ficheiros\/contratacao-de-escola\/2223\/4\/20230512150332685.pdf\" target=\"_blank\" rel=\"noopener\">LISTA GRADUADA<\/a><\/li>\r\n<p>--><\/p>\r\n<p>&nbsp;<\/p>\r\n<ul>\r\n<li>AVISO N.\u00ba 4\/2023 &#8211; HOR\u00c1RIO N.\u00ba 17 &#8211; GR540\r\n<ul>\r\n<li><a href=\"https:\/\/www.aemachadodematos.pt\/agrupamento\/ficheiros\/contratacao-de-escola\/2324\/4\/AVISO2-23-24-GR540.pdf\" target=\"_blank\" rel=\"noopener\">AVISO DE ABERTURA N.\u00ba4\/2023<\/a><\/li>\r\n<li><a href=\"https:\/\/www.aemachadodematos.pt\/agrupamento\/ficheiros\/contratacao-de-escola\/2324\/4\/Horario-GR-540.pdf\" target=\"_blank\" rel=\"noopener\">HOR\u00c1RIO N.\u00ba 17 (15 HORAS) &#8211; AT\u00c9 31 DE AGOSTO)<\/a><\/li>\r\n<li>LISTA DE GRADUA\u00c7\u00c3O<\/li>\r\n<\/ul>\r\n<\/li>\r\n<\/ul>\r\n<p><!--<\/p>\r\n<li>LISTA DE ADMISS\u00c3O<\/li>\r\n<li>AVALIA\u00c7\u00c3O DE PORTEF\u00d3LIO E EXPERI\u00caNCIA PROFISSIONAL<\/li>\r\n<p>--><\/p>\r\n<p><!--<\/p>\r\n<li><a href=\"https:\/\/www.aemachadodematos.pt\/agrupamento\/ficheiros\/contratacao-de-escola\/2223\/4\/20230512150332685.pdf\" target=\"_blank\" rel=\"noopener\">LISTA GRADUADA<\/a><\/li>\r\n<p>--><\/p>\r\n<p>&nbsp;<\/p>\r\n<ul>\r\n<li>AVISO N.\u00ba 3\/2023 &#8211; HOR\u00c1RIO N.\u00ba 10 &#8211; GR330\r\n<ul>\r\n<li><a href=\"https:\/\/www.aemachadodematos.pt\/agrupamento\/ficheiros\/contratacao-de-escola\/2324\/3\/AVISO3-23-24-GR330.pdf\" target=\"_blank\" rel=\"noopener\">AVISO DE ABERTURA N.\u00ba3\/2023<\/a><\/li>\r\n<li><a href=\"https:\/\/www.aemachadodematos.pt\/agrupamento\/ficheiros\/contratacao-de-escola\/2324\/3\/Horario-GR330-07.pdf\" target=\"_blank\" rel=\"noopener\">HOR\u00c1RIO N.\u00ba 10 (6 HORAS) &#8211; AT\u00c9 31 DE AGOSTO)<\/a><\/li>\r\n<li><a href=\"https:\/\/www.aemachadodematos.pt\/agrupamento\/ficheiros\/contratacao-de-escola\/2324\/3\/Lista-Graduacao-GR330-H10.pdf\" target=\"_blank\" rel=\"noopener\">LISTA DE GRADUA\u00c7\u00c3O<\/a><\/li>\r\n<\/ul>\r\n<\/li>\r\n<\/ul>\r\n<p><!--<\/p>\r\n<li>LISTA DE ADMISS\u00c3O<\/li>\r\n<li>AVALIA\u00c7\u00c3O DE PORTEF\u00d3LIO E EXPERI\u00caNCIA PROFISSIONAL<\/li>\r\n<p>--><\/p>\r\n<p><!--<\/p>\r\n<li><a href=\"https:\/\/www.aemachadodematos.pt\/agrupamento\/ficheiros\/contratacao-de-escola\/2223\/4\/20230512150332685.pdf\" target=\"_blank\" rel=\"noopener\">LISTA GRADUADA<\/a><\/li>\r\n<p>--><\/p>\r\n<p>&nbsp;<\/p>\r\n<ul>\r\n<li>AVISO N.\u00ba 2\/2023 &#8211; HOR\u00c1RIO N.\u00ba 6 &#8211; T\u00c9CNICO ESPECIALIZADO\r\n<ul>\r\n<li><a href=\"https:\/\/www.aemachadodematos.pt\/agrupamento\/ficheiros\/contratacao-de-escola\/2324\/2\/AVISO2-23-24-GR540.pdf\" target=\"_blank\" rel=\"noopener\">AVISO DE ABERTURA N.\u00ba2\/2023<\/a><\/li>\r\n<li>HOR\u00c1RIO N.\u00ba 6 (15 HORAS) &#8211; AT\u00c9 31 DE AGOSTO)<\/li>\r\n<li><a href=\"https:\/\/www.aemachadodematos.pt\/agrupamento\/ficheiros\/contratacao-de-escola\/2324\/2\/Lista-de-Graduacao-6.pdf\" target=\"_blank\" rel=\"noopener\">LISTA DE GRADUA\u00c7\u00c3O<\/a><\/li>\r\n<\/ul>\r\n<\/li>\r\n<\/ul>\r\n<p><!--<\/p>\r\n<li>LISTA DE ADMISS\u00c3O<\/li>\r\n<li>AVALIA\u00c7\u00c3O DE PORTEF\u00d3LIO E EXPERI\u00caNCIA PROFISSIONAL<\/li>\r\n<p>--><\/p>\r\n<p><!--<\/p>\r\n<li><a href=\"https:\/\/www.aemachadodematos.pt\/agrupamento\/ficheiros\/contratacao-de-escola\/2223\/4\/20230512150332685.pdf\" target=\"_blank\" rel=\"noopener\">LISTA GRADUADA<\/a><\/li>\r\n<p>--><\/p>\r\n<p>&nbsp;<\/p>\r\n<ul>\r\n<li>AVISO N.\u00ba 1\/2023 &#8211; HOR\u00c1RIO N.\u00ba 7 &#8211; T\u00c9CNICO ESPECIALIZADO\r\n<ul>\r\n<li><a href=\"https:\/\/www.aemachadodematos.pt\/agrupamento\/ficheiros\/contratacao-de-escola\/2324\/1\/AVISO_de_Abertura_n1.pdf\" target=\"_blank\" rel=\"noopener\">AVISO DE ABERTURA N.\u00ba1\/2023<\/a><\/li>\r\n<li>HOR\u00c1RIO N.\u00ba 7 (18 HORAS) &#8211; AT\u00c9 31 DE AGOSTO<\/li>\r\n<li><a href=\"https:\/\/www.aemachadodematos.pt\/agrupamento\/ficheiros\/contratacao-de-escola\/2324\/1\/Admissao.pdf\" target=\"_blank\" rel=\"noopener\">LISTA DE ADMISS\u00c3O<\/a><\/li>\r\n<li><a href=\"https:\/\/www.aemachadodematos.pt\/agrupamento\/ficheiros\/contratacao-de-escola\/2324\/1\/Portefolio_anos_experiencia_profissional.pdf\" target=\"_blank\" rel=\"noopener\">AVALIA\u00c7\u00c3O DE PORTEF\u00d3LIO E EXPERI\u00caNCIA PROFISSIONAL<\/a><\/li>\r\n<li><a href=\"https:\/\/www.aemachadodematos.pt\/agrupamento\/ficheiros\/contratacao-de-escola\/2324\/1\/luof_1.pdf\" target=\"_blank\" rel=\"noopener\">LISTA UNIT\u00c1RIA DE ORDENA\u00c7\u00c3O FINAL<\/a><\/li>\r\n<\/ul>\r\n<\/li>\r\n<\/ul>\r\n<p><!--<\/p>\r\n<li><a href=\"https:\/\/www.aemachadodematos.pt\/agrupamento\/ficheiros\/contratacao-de-escola\/2223\/4\/20230512150332685.pdf\" target=\"_blank\" rel=\"noopener\">LISTA GRADUADA<\/a><\/li>\r\n<p>--><\/p>\r\n<h3>\u00a0<\/h3>\r\n<p>&nbsp;<\/p>\r\n<h3>ANO LETIVO 2022\/2023<\/h3>\r\n<ul>\r\n<li>AVISO N.\u00ba 4 &#8211; HOR\u00c1RIO N.\u00ba 48 &#8211; GR410\r\n<ul>\r\n<li><a href=\"https:\/\/www.aemachadodematos.pt\/agrupamento\/ficheiros\/contratacao-de-escola\/2223\/4\/AVISO_de_Abertura_n4.pdf\" target=\"_blank\" rel=\"noopener\">AVISO DE ABERTURA N.\u00ba4\/2023<\/a><\/li>\r\n<li><a href=\"https:\/\/www.aemachadodematos.pt\/agrupamento\/ficheiros\/contratacao-de-escola\/2223\/4\/Horario_n48.pdf\" target=\"_blank\" rel=\"noopener\">HOR\u00c1RIO<\/a><\/li>\r\n<li><a href=\"https:\/\/www.aemachadodematos.pt\/agrupamento\/ficheiros\/contratacao-de-escola\/2223\/4\/20230512150332685.pdf\" target=\"_blank\" rel=\"noopener\">LISTA GRADUADA<\/a><\/li>\r\n<\/ul>\r\n<\/li>\r\n<\/ul>\r\n<p>&nbsp;<\/p>\r\n<ul>\r\n<li>AVISO N.\u00ba 3 &#8211; HOR\u00c1RIO N.\u00ba 28 &#8211; GR290\r\n<ul>\r\n<li><a href=\"https:\/\/www.aemachadodematos.pt\/agrupamento\/ficheiros\/contratacao-de-escola\/2223\/3\/AVISO3.pdf\" target=\"_blank\" rel=\"noopener\">AVISO DE ABERTURA N.\u00ba3\/2022<\/a><\/li>\r\n<li><a href=\"https:\/\/www.aemachadodematos.pt\/agrupamento\/ficheiros\/contratacao-de-escola\/2223\/3\/Horario-290-04(28).pdf\" target=\"_blank\" rel=\"noopener\">HOR\u00c1RIO<\/a><\/li>\r\n<li><a href=\"https:\/\/www.aemachadodematos.pt\/agrupamento\/ficheiros\/contratacao-de-escola\/2223\/3\/Lista-graduada-290-04.pdf\" target=\"_blank\" rel=\"noopener\">LISTA GRADUADA<\/a><\/li>\r\n<\/ul>\r\n<\/li>\r\n<\/ul>\r\n<p>&nbsp;<\/p>\r\n<ul>\r\n<li>AVISO N.\u00ba 2 &#8211; HOR\u00c1RIO N.\u00ba 2 &#8211; GR540\r\n<ul>\r\n<li><a href=\"https:\/\/www.aemachadodematos.pt\/agrupamento\/ficheiros\/contratacao-de-escola\/2223\/2\/AVISO2.pdf\" target=\"_blank\" rel=\"noopener\">AVISO DE ABERTURA N.\u00ba2\/2022<\/a><\/li>\r\n<li><a href=\"https:\/\/www.aemachadodematos.pt\/agrupamento\/ficheiros\/contratacao-de-escola\/2223\/2\/Horario_540-01.pdf\" target=\"_blank\" rel=\"noopener\">HOR\u00c1RIO<\/a><\/li>\r\n<li><a href=\"https:\/\/www.aemachadodematos.pt\/agrupamento\/ficheiros\/contratacao-de-escola\/2223\/2\/H8_Lista_graduada_540-01.pdf\" target=\"_blank\" rel=\"noopener\">LISTA GRADUADA<\/a><\/li>\r\n<\/ul>\r\n<\/li>\r\n<\/ul>\r\n<p>&nbsp;<\/p>\r\n<ul>\r\n<li>AVISO N.\u00ba 1 &#8211; HOR\u00c1RIO N.\u00ba 1 &#8211; GR290\r\n<ul>\r\n<li><a href=\"https:\/\/www.aemachadodematos.pt\/agrupamento\/ficheiros\/contratacao-de-escola\/2223\/1\/AVISO1.pdf\" target=\"_blank\" rel=\"noopener\">AVISO DE ABERTURA N.\u00ba1\/2022<\/a><\/li>\r\n<li><a href=\"https:\/\/www.aemachadodematos.pt\/agrupamento\/ficheiros\/contratacao-de-escola\/2223\/1\/Horario_290-04.pdf\" target=\"_blank\" rel=\"noopener\">HOR\u00c1RIO<\/a><\/li>\r\n<li><a href=\"https:\/\/www.aemachadodematos.pt\/agrupamento\/ficheiros\/contratacao-de-escola\/2223\/1\/H1_Lista_graduada_290-04.pdf\" target=\"_blank\" rel=\"noopener\">LISTA GRADUADA<\/a><\/li>\r\n<\/ul>\r\n<\/li>\r\n<\/ul>\r\n<p>[\/vc_column_text][vc_separator][vc_column_text css=&#8221;.vc_custom_1662465394144{margin-bottom: 0px !important;}&#8221;]<\/p>\r\n<h3>ANO LETIVO 2021\/2022<\/h3>\r\n<ul>\r\n<li>AVISO N.\u00ba 13 &#8211; HOR\u00c1RIO N.\u00ba 60 &#8211; GR230<\/li>\r\n<\/ul>\r\n<ol>\r\n<li style=\"list-style-type: none;\">\r\n<ul>\r\n<li style=\"list-style-type: none;\">\r\n<ul>\r\n<li style=\"list-style-type: none;\">\r\n<ul>\r\n<li style=\"list-style-type: none;\">\u00a0<\/li>\r\n<\/ul>\r\n<\/li>\r\n<\/ul>\r\n<\/li>\r\n<li><a href=\"https:\/\/www.aemachadodematos.pt\/agrupamento\/ficheiros\/contratacao-de-escola\/13\/AVISO13.pdf\" target=\"_blank\" rel=\"noopener\">AVISO DE ABERTURA N.\u00ba13\/2022<\/a><\/li>\r\n<li><a href=\"https:\/\/www.aemachadodematos.pt\/agrupamento\/ficheiros\/contratacao-de-escola\/13\/H60_Horario_230.pdf\" target=\"_blank\" rel=\"noopener\">HOR\u00c1RIO<\/a><\/li>\r\n<li><a href=\"https:\/\/www.aemachadodematos.pt\/agrupamento\/ficheiros\/contratacao-de-escola\/13\/ListaGraduada_60-GR230.pdf\" target=\"_blank\" rel=\"noopener\">LISTA GRADUADA<\/a><\/li>\r\n<\/ul>\r\n<\/li>\r\n<\/ol>\r\n<p>&nbsp;<\/p>\r\n<ul>\r\n<li>AVISO N.\u00ba 12 &#8211; HOR\u00c1RIO N.\u00ba 59 &#8211; GR110<\/li>\r\n<\/ul>\r\n<ol>\r\n<li style=\"list-style-type: none;\">\r\n<ul>\r\n<li style=\"list-style-type: none;\">\r\n<ul>\r\n<li style=\"list-style-type: none;\">\r\n<ul>\r\n<li style=\"list-style-type: none;\">\u00a0<\/li>\r\n<\/ul>\r\n<\/li>\r\n<\/ul>\r\n<\/li>\r\n<li><a href=\"https:\/\/www.aemachadodematos.pt\/agrupamento\/ficheiros\/contratacao-de-escola\/12\/AVISO12.pdf\" target=\"_blank\" rel=\"noopener\">AVISO DE ABERTURA N.\u00ba12\/2022<\/a><\/li>\r\n<li><a href=\"https:\/\/www.aemachadodematos.pt\/agrupamento\/ficheiros\/contratacao-de-escola\/12\/Horario_59-GR110.pdf\" target=\"_blank\" rel=\"noopener\">HOR\u00c1RIO<\/a><\/li>\r\n<li><a href=\"https:\/\/www.aemachadodematos.pt\/agrupamento\/ficheiros\/contratacao-de-escola\/12\/ListaGraduada_59-GR110.pdf\" target=\"_blank\" rel=\"noopener\">LISTA GRADUADA<\/a><\/li>\r\n<\/ul>\r\n<\/li>\r\n<\/ol>\r\n<p>&nbsp;<\/p>\r\n<ul>\r\n<li>AVISO N.\u00ba 11 &#8211; HOR\u00c1RIO N.\u00ba 54 &#8211; GR100<\/li>\r\n<\/ul>\r\n<ol>\r\n<li style=\"list-style-type: none;\">\r\n<ul>\r\n<li style=\"list-style-type: none;\">\r\n<ul>\r\n<li style=\"list-style-type: none;\">\r\n<ul>\r\n<li style=\"list-style-type: none;\">\u00a0<\/li>\r\n<\/ul>\r\n<\/li>\r\n<\/ul>\r\n<\/li>\r\n<li><a href=\"https:\/\/www.aemachadodematos.pt\/agrupamento\/ficheiros\/contratacao-de-escola\/11\/AVISO11.pdf\" target=\"_blank\" rel=\"noopener\">AVISO DE ABERTURA N.\u00ba11\/2022<\/a><\/li>\r\n<li><a href=\"https:\/\/www.aemachadodematos.pt\/agrupamento\/ficheiros\/contratacao-de-escola\/11\/Horario-100-09.pdf\" target=\"_blank\" rel=\"noopener\">HOR\u00c1RIO<\/a><\/li>\r\n<li><a href=\"https:\/\/www.aemachadodematos.pt\/agrupamento\/ficheiros\/contratacao-de-escola\/11\/H54-lista_ordenada_100.pdf\" target=\"_blank\" rel=\"noopener\">LISTA GRADUADA<\/a><\/li>\r\n<\/ul>\r\n<\/li>\r\n<\/ol>\r\n<p>&nbsp;<\/p>\r\n<ul>\r\n<li>AVISO N.\u00ba 10 &#8211; HOR\u00c1RIO N.\u00ba 56 &#8211; GR100<\/li>\r\n<\/ul>\r\n<ol>\r\n<li style=\"list-style-type: none;\">\r\n<ul>\r\n<li><a href=\"https:\/\/www.aemachadodematos.pt\/agrupamento\/ficheiros\/contratacao-de-escola\/10\/AVISO10.pdf\" target=\"_blank\" rel=\"noopener\">AVISO DE ABERTURA N.\u00ba10\/2022<\/a><\/li>\r\n<li><a href=\"https:\/\/www.aemachadodematos.pt\/agrupamento\/ficheiros\/contratacao-de-escola\/10\/Horario-100-02.pdf\" target=\"_blank\" rel=\"noopener\">HOR\u00c1RIO<\/a><\/li>\r\n<li><a href=\"https:\/\/www.aemachadodematos.pt\/agrupamento\/ficheiros\/contratacao-de-escola\/10\/H56-lista_ordenacao_100.pdf\" target=\"_blank\" rel=\"noopener\">LISTA GRADUADA<\/a><\/li>\r\n<\/ul>\r\n<\/li>\r\n<\/ol>\r\n<p>&nbsp;<\/p>\r\n<ul>\r\n<li>AVISO N.\u00ba 9 &#8211; HOR\u00c1RIO N.\u00ba 53 &#8211; GR410<\/li>\r\n<\/ul>\r\n<ol>\r\n<li style=\"list-style-type: none;\">\r\n<ul>\r\n<li style=\"list-style-type: none;\">\u00a0<\/li>\r\n<li><a href=\"https:\/\/www.aemachadodematos.pt\/agrupamento\/ficheiros\/contratacao-de-escola\/9\/AVISO9.pdf\" target=\"_blank\" rel=\"noopener\">AVISO DE ABERTURA N.\u00ba9\/2022<\/a><\/li>\r\n<li><a href=\"https:\/\/www.aemachadodematos.pt\/agrupamento\/ficheiros\/contratacao-de-escola\/9\/Horario-410-01.pdf\" target=\"_blank\" rel=\"noopener\">HOR\u00c1RIO<\/a><\/li>\r\n<li><a href=\"https:\/\/www.aemachadodematos.pt\/agrupamento\/ficheiros\/contratacao-de-escola\/9\/Lista_graduada_H-53_GR410.pdf\" target=\"_blank\" rel=\"noopener\">LISTA GRADUADA<\/a><\/li>\r\n<\/ul>\r\n<\/li>\r\n<\/ol>\r\n<p>&nbsp;<\/p>\r\n<ul>\r\n<li>AVISO N.\u00ba 8 &#8211; HOR\u00c1RIO N.\u00ba 1 &#8211; GR500<\/li>\r\n<\/ul>\r\n<ol>\r\n<li style=\"list-style-type: none;\">\r\n<ul>\r\n<li><a href=\"https:\/\/www.aemachadodematos.pt\/agrupamento\/ficheiros\/contratacao-de-escola\/8\/AVISO-8-2021-2022.pdf\" target=\"_blank\" rel=\"noopener\">AVISO DE ABERTURA N.\u00ba8\/2022<\/a><\/li>\r\n<li><a href=\"https:\/\/www.aemachadodematos.pt\/agrupamento\/ficheiros\/contratacao-de-escola\/8\/Horario_500-01.pdf\" target=\"_blank\" rel=\"noopener\">HOR\u00c1RIO<\/a><\/li>\r\n<li><a href=\"https:\/\/www.aemachadodematos.pt\/agrupamento\/ficheiros\/contratacao-de-escola\/8\/Lista-ordenada-Juri-49.pdf\" target=\"_blank\" rel=\"noopener\">LISTA GRADUADA<\/a><\/li>\r\n<\/ul>\r\n<\/li>\r\n<\/ol>\r\n<p>&nbsp;<\/p>\r\n<ul>\r\n<li>AVISO N.\u00ba 7 &#8211; HOR\u00c1RIO N.\u00ba 45 &#8211; GR100<\/li>\r\n<\/ul>\r\n<ol>\r\n<li style=\"list-style-type: none;\">\r\n<ul>\r\n<li><a href=\"https:\/\/www.aemachadodematos.pt\/agrupamento\/ficheiros\/contratacao-de-escola\/7\/AVISO-7-2021-2022.pdf\" target=\"_blank\" rel=\"noopener\">AVISO DE ABERTURA N.\u00ba7\/2022<\/a><\/li>\r\n<li><a href=\"https:\/\/www.aemachadodematos.pt\/agrupamento\/ficheiros\/contratacao-de-escola\/7\/Horario_100-45.pdf\" target=\"_blank\" rel=\"noopener\">HOR\u00c1RIO<\/a><\/li>\r\n<li><a href=\"https:\/\/www.aemachadodematos.pt\/agrupamento\/ficheiros\/contratacao-de-escola\/7\/Lista-ordenada-Juri-45.pdf\" target=\"_blank\" rel=\"noopener\">LISTA GRADUADA<\/a><\/li>\r\n<\/ul>\r\n<\/li>\r\n<\/ol>\r\n<p>&nbsp;<\/p>\r\n<ul>\r\n<li>AVISO N.\u00ba 6 &#8211; HOR\u00c1RIO N.\u00ba 36 &#8211; GR540<\/li>\r\n<\/ul>\r\n<ol>\r\n<li style=\"list-style-type: none;\">\r\n<ul>\r\n<li><a href=\"https:\/\/www.aemachadodematos.pt\/agrupamento\/ficheiros\/contratacao-de-escola\/6\/AVISO-6-2021-2022.pdf\" target=\"_blank\" rel=\"noopener\">AVISO DE ABERTURA N.\u00ba6\/2021<\/a><\/li>\r\n<li><a href=\"https:\/\/www.aemachadodematos.pt\/agrupamento\/ficheiros\/contratacao-de-escola\/6\/Horario_540-02.pdf\" target=\"_blank\" rel=\"noopener\">HOR\u00c1RIO<\/a><\/li>\r\n<li><a href=\"https:\/\/www.aemachadodematos.pt\/agrupamento\/ficheiros\/contratacao-de-escola\/6\/Lista-ordenada-Juri-GR540.pdf\" target=\"_blank\" rel=\"noopener\">LISTA GRADUADA<\/a><\/li>\r\n<\/ul>\r\n<\/li>\r\n<\/ol>\r\n<p>&nbsp;<\/p>\r\n<ul>\r\n<li>AVISO N.\u00ba 5 &#8211; HOR\u00c1RIO N.\u00ba 34 &#8211; GR620<\/li>\r\n<\/ul>\r\n<ol>\r\n<li style=\"list-style-type: none;\">\r\n<ul>\r\n<li><a href=\"https:\/\/www.aemachadodematos.pt\/agrupamento\/ficheiros\/contratacao-de-escola\/5\/AVISO-5-2021-2022.pdf\" target=\"_blank\" rel=\"noopener\">AVISO DE ABERTURA N.\u00ba5\/2021<\/a><\/li>\r\n<li><a href=\"https:\/\/www.aemachadodematos.pt\/agrupamento\/ficheiros\/contratacao-de-escola\/5\/Horario-de-CE-GR-620.pdf\" target=\"_blank\" rel=\"noopener\">HOR\u00c1RIO<\/a><\/li>\r\n<li><a href=\"https:\/\/www.aemachadodematos.pt\/agrupamento\/ficheiros\/contratacao-de-escola\/5\/20210928-620-H34-Lista_graduada.pdf\" target=\"_blank\" rel=\"noopener\">LISTA GRADUADA<\/a><\/li>\r\n<\/ul>\r\n<\/li>\r\n<\/ol>\r\n<p>&nbsp;<\/p>\r\n<ul>\r\n<li>AVISO N.\u00ba 4 &#8211; HOR\u00c1RIO N.\u00ba 31 &#8211; GR410<\/li>\r\n<\/ul>\r\n<ol>\r\n<li style=\"list-style-type: none;\">\r\n<ul>\r\n<li><a href=\"https:\/\/www.aemachadodematos.pt\/agrupamento\/ficheiros\/contratacao-de-escola\/4\/AVISO-4-2021-2022.pdf\" target=\"_blank\" rel=\"noopener\">AVISO DE ABERTURA N.\u00ba4\/2021<\/a><\/li>\r\n<li><a href=\"https:\/\/www.aemachadodematos.pt\/agrupamento\/ficheiros\/contratacao-de-escola\/4\/Horarios-de-CE-GR-410.pdf\" target=\"_blank\" rel=\"noopener\">HOR\u00c1RIO<\/a><\/li>\r\n<li><a href=\"https:\/\/www.aemachadodematos.pt\/agrupamento\/ficheiros\/contratacao-de-escola\/4\/20210928-410-H31-Lista_graduada.pdf\" target=\"_blank\" rel=\"noopener\">LISTA GRADUADA<\/a><\/li>\r\n<\/ul>\r\n<\/li>\r\n<\/ol>\r\n<p>&nbsp;<\/p>\r\n<ul>\r\n<li>AVISO N.\u00ba 3 &#8211; HOR\u00c1RIO N.\u00ba 30 &#8211; GR500<\/li>\r\n<\/ul>\r\n<ol>\r\n<li style=\"list-style-type: none;\">\r\n<ul>\r\n<li><a href=\"https:\/\/www.aemachadodematos.pt\/agrupamento\/ficheiros\/contratacao-de-escola\/3\/AVISO-3-2021-2022.pdf\" target=\"_blank\" rel=\"noopener\">AVISO DE ABERTURA N.\u00ba3\/2021<\/a><\/li>\r\n<li><a href=\"https:\/\/www.aemachadodematos.pt\/agrupamento\/ficheiros\/contratacao-de-escola\/3\/Horario-de-CE-GR500.pdf\" target=\"_blank\" rel=\"noopener\">HOR\u00c1RIO<\/a><\/li>\r\n<li><a href=\"https:\/\/www.aemachadodematos.pt\/agrupamento\/ficheiros\/contratacao-de-escola\/3\/20210928-500-H30-Lista_graduada.pdf\" target=\"_blank\" rel=\"noopener\">LISTA GRADUADA<\/a><\/li>\r\n<\/ul>\r\n<\/li>\r\n<\/ol>\r\n<p>&nbsp;<\/p>\r\n<ul>\r\n<li>AVISO N.\u00ba 2 &#8211; HOR\u00c1RIO N.\u00ba 27 &#8211; GR540<\/li>\r\n<\/ul>\r\n<ol>\r\n<li style=\"list-style-type: none;\">\r\n<ul>\r\n<li><a href=\"https:\/\/www.aemachadodematos.pt\/agrupamento\/ficheiros\/contratacao-de-escola\/2\/AVISO-2-2021-2022.pdf\" target=\"_blank\" rel=\"noopener\">AVISO DE ABERTURA N.\u00ba2\/2021<\/a><\/li>\r\n<li><a href=\"https:\/\/www.aemachadodematos.pt\/agrupamento\/ficheiros\/contratacao-de-escola\/2\/Horario-de-CE-GR540.pdf\" target=\"_blank\" rel=\"noopener\">HOR\u00c1RIO<\/a><\/li>\r\n<li><a href=\"https:\/\/www.aemachadodematos.pt\/agrupamento\/ficheiros\/contratacao-de-escola\/2\/20210928-540-H27-Lista_graduada.pdf\" target=\"_blank\" rel=\"noopener\">LISTA GRADUADA<\/a><\/li>\r\n<\/ul>\r\n<\/li>\r\n<\/ol>\r\n<p>&nbsp;<\/p>\r\n<ul>\r\n<li>AVISO N.\u00ba 1 &#8211; HOR\u00c1RIO N.\u00ba 26 &#8211; GR290<\/li>\r\n<\/ul>\r\n<ol>\r\n<li style=\"list-style-type: none;\">\r\n<ul>\r\n<li><a href=\"https:\/\/www.aemachadodematos.pt\/agrupamento\/ficheiros\/contratacao-de-escola\/1\/AVISO-1-2021-2022.pdf\" target=\"_blank\" rel=\"noopener\">AVISO DE ABERTURA N.\u00ba1\/2021<\/a><\/li>\r\n<li><a href=\"https:\/\/www.aemachadodematos.pt\/agrupamento\/ficheiros\/contratacao-de-escola\/1\/Horario-de-CE-GR290.pdf\" target=\"_blank\" rel=\"noopener\">HOR\u00c1RIO<\/a><\/li>\r\n<li><a href=\"https:\/\/www.aemachadodematos.pt\/agrupamento\/ficheiros\/contratacao-de-escola\/1\/20210928-290-H26-Lista_graduada.pdf\" target=\"_blank\" rel=\"noopener\">LISTA GRADUADA<\/a><\/li>\r\n<\/ul>\r\n<\/li>\r\n<\/ol>\r\n<p>[\/vc_column_text][\/vc_column][vc_column width=&#8221;1\/2&#8243;][\/vc_column][\/vc_row]<\/p>","protected":false},"excerpt":{"rendered":"<p>[vc_row css=&#8221;.vc_custom_1489054095756{margin-bottom: 10px !important;}&#8221;][vc_column width=&#8221;1\/2&#8243; css=&#8221;.vc_custom_1459848263527{margin-bottom: 0px !important;}&#8221;][vc_custom_heading text=&#8221;Contrata\u00e7\u00e3o e Informa\u00e7\u00f5es de Procedimentos Concursais&#8221; font_container=&#8221;tag:h4|text_align:left&#8221; use_theme_fonts=&#8221;yes&#8221; css=&#8221;.vc_custom_1632408196771{margin-bottom: 10px !important;}&#8221;][vc_separator][vc_custom_heading text=&#8221;CONTRATA\u00c7\u00c3O DE ESCOLA&#8221; font_container=&#8221;tag:h4|text_align:left&#8221; use_theme_fonts=&#8221;yes&#8221; css=&#8221;.vc_custom_1632407626116{margin-bottom: 10px !important;}&#8221;][vc_separator][vc_column_text css=&#8221;.vc_custom_1773264566424{margin-bottom: 0px !important;}&#8221;] ANO LETIVO 2025\/2026 AVISO N.\u00ba 18\/2026 \u2013 HOR\u00c1RIO N.\u00ba 49&nbsp;<a href=\"https:\/\/aemachadodematos.pt\/agrupamento\/recrutamento\/\">&hellip;<\/a><\/p>\n","protected":false},"author":1,"featured_media":0,"parent":0,"menu_order":0,"comment_status":"closed","ping_status":"closed","template":"template-fullwidth-no-title.php","meta":{"_uag_custom_page_level_css":"","footnotes":""},"class_list":["post-160","page","type-page","status-publish","hentry","odd"],"mb":[],"uagb_featured_image_src":{"full":false,"thumbnail":false,"medium":false,"medium_large":false,"large":false,"1536x1536":false,"2048x2048":false,"classic-grid-listing":false,"classic-list-listing":false,"modern-grid-listing":false,"product-page-image":false,"product-category-page-image":false,"post-thumbnail":false,"ed-school-featured-image":false,"ed-school-medium":false,"ed-school-medium-alt":false,"ed-school-square":false,"ed-school-square-small":false},"uagb_author_info":{"display_name":"admin","author_link":"https:\/\/aemachadodematos.pt\/agrupamento\/author\/admin\/"},"uagb_comment_info":0,"uagb_excerpt":"[vc_row css=&#8221;.vc_custom_1489054095756{margin-bottom: 10px !important;}&#8221;][vc_column width=&#8221;1\/2&#8243; css=&#8221;.vc_custom_1459848263527{margin-bottom: 0px !important;}&#8221;][vc_custom_heading text=&#8221;Contrata\u00e7\u00e3o e Informa\u00e7\u00f5es de Procedimentos Concursais&#8221; font_container=&#8221;tag:h4|text_align:left&#8221; use_theme_fonts=&#8221;yes&#8221; css=&#8221;.vc_custom_1632408196771{margin-bottom: 10px !important;}&#8221;][vc_separator][vc_custom_heading text=&#8221;CONTRATA\u00c7\u00c3O DE ESCOLA&#8221; font_container=&#8221;tag:h4|text_align:left&#8221; use_theme_fonts=&#8221;yes&#8221; css=&#8221;.vc_custom_1632407626116{margin-bottom: 10px !important;}&#8221;][vc_separator][vc_column_text css=&#8221;.vc_custom_1773264566424{margin-bottom: 0px !important;}&#8221;] ANO LETIVO 2025\/2026 AVISO N.\u00ba 18\/2026 \u2013 HOR\u00c1RIO N.\u00ba 49&nbsp;&hellip;","mfb_rest_fields":["title","uagb_featured_image_src","uagb_author_info","uagb_comment_info","uagb_excerpt"],"_links":{"self":[{"href":"https:\/\/aemachadodematos.pt\/agrupamento\/wp-json\/wp\/v2\/pages\/160","targetHints":{"allow":["GET"]}}],"collection":[{"href":"https:\/\/aemachadodematos.pt\/agrupamento\/wp-json\/wp\/v2\/pages"}],"about":[{"href":"https:\/\/aemachadodematos.pt\/agrupamento\/wp-json\/wp\/v2\/types\/page"}],"author":[{"embeddable":true,"href":"https:\/\/aemachadodematos.pt\/agrupamento\/wp-json\/wp\/v2\/users\/1"}],"replies":[{"embeddable":true,"href":"https:\/\/aemachadodematos.pt\/agrupamento\/wp-json\/wp\/v2\/comments?post=160"}],"version-history":[{"count":146,"href":"https:\/\/aemachadodematos.pt\/agrupamento\/wp-json\/wp\/v2\/pages\/160\/revisions"}],"predecessor-version":[{"id":4715,"href":"https:\/\/aemachadodematos.pt\/agrupamento\/wp-json\/wp\/v2\/pages\/160\/revisions\/4715"}],"wp:attachment":[{"href":"https:\/\/aemachadodematos.pt\/agrupamento\/wp-json\/wp\/v2\/media?parent=160"}],"curies":[{"name":"wp","href":"https:\/\/api.w.org\/{rel}","templated":true}]}}