{"id":1608,"date":"2022-06-14T16:28:46","date_gmt":"2022-06-14T16:28:46","guid":{"rendered":"https:\/\/aemachadodematos.pt\/agrupamento\/?page_id=1608"},"modified":"2024-05-16T23:36:47","modified_gmt":"2024-05-16T23:36:47","slug":"tig","status":"publish","type":"page","link":"https:\/\/aemachadodematos.pt\/agrupamento\/tig\/","title":{"rendered":"T\u00c9CNICO DE INFORM\u00c1TICA DE GEST\u00c3O"},"content":{"rendered":"<div class=\"wp-block-image\">\n<figure class=\"aligncenter size-large\"><img loading=\"lazy\" decoding=\"async\" width=\"476\" height=\"537\" src=\"https:\/\/aemachadodematos.pt\/agrupamento\/wp-content\/uploads\/2024\/05\/Tig_2324-476x537.png\" alt=\"\" class=\"wp-image-3261\" srcset=\"https:\/\/aemachadodematos.pt\/agrupamento\/wp-content\/uploads\/2024\/05\/Tig_2324.png 476w, https:\/\/aemachadodematos.pt\/agrupamento\/wp-content\/uploads\/2024\/05\/Tig_2324-266x300.png 266w\" sizes=\"auto, (max-width: 476px) 100vw, 476px\" \/><\/figure>\n<\/div>\n\n\n<figure class=\"wp-block-image aligncenter size-large is-resized\"><a href=\"https:\/\/aemachadodematos.pt\/agrupamento\/pre-inscricao-cursos-profissionais\/\" target=\"_blank\" rel=\"noopener\"><img loading=\"lazy\" decoding=\"async\" src=\"https:\/\/aemachadodematos.pt\/agrupamento\/wp-content\/uploads\/2022\/06\/pre-1024x238.png\" alt=\"\" class=\"wp-image-1601\" width=\"219\" height=\"51\" srcset=\"https:\/\/aemachadodematos.pt\/agrupamento\/wp-content\/uploads\/2022\/06\/pre-1024x238.png 1024w, https:\/\/aemachadodematos.pt\/agrupamento\/wp-content\/uploads\/2022\/06\/pre-300x70.png 300w, https:\/\/aemachadodematos.pt\/agrupamento\/wp-content\/uploads\/2022\/06\/pre-768x178.png 768w, https:\/\/aemachadodematos.pt\/agrupamento\/wp-content\/uploads\/2022\/06\/pre-150x35.png 150w, https:\/\/aemachadodematos.pt\/agrupamento\/wp-content\/uploads\/2022\/06\/pre.png 1180w\" sizes=\"auto, (max-width: 219px) 100vw, 219px\" \/><\/a><\/figure>\n\n\n\n<h2>Perfil de desempenho: <\/h2>\n\n\n\n<p>O <strong>T\u00c9CNICO DE INFORM\u00c1TICA DE GEST\u00c3O <\/strong>\u00e9 o profissional qualificado que possui compet\u00eancias no \u00e2mbito da gest\u00e3o das organiza\u00e7\u00f5es, nomeadamente na constru\u00e7\u00e3o de modelos de gest\u00e3o de neg\u00f3cios\/projetos, criando matrizes com recurso a aplica\u00e7\u00f5es inform\u00e1ticas para as micro, pequenas e m\u00e9dias empresas, com vista \u00e0 efic\u00e1cia de resultados. Est\u00e1 apto a apoiar a coordena\u00e7\u00e3o de departamentos de inform\u00e1tica e a proceder ao desenvolvimento, instala\u00e7\u00e3o e utiliza\u00e7\u00e3o de aplica\u00e7\u00f5es inform\u00e1ticas em qualquer \u00e1rea funcional de uma organiza\u00e7\u00e3o\/empresa.<\/p>\n\n\n\n<h2 class=\"wp-block-heading\"><p><strong>Ficas habilitado(a) a:<\/strong><\/p><\/h2>\n\n\n\n<ul class=\"wp-block-list\">\n<li>Instalar, configurar e efetuar a manuten\u00e7\u00e3o de diferentes sistemas operativos e de software de aplica\u00e7\u00e3o, assim como de base de dados;<\/li>\n\n\n\n<li>Avaliar e participar na escolha de utilit\u00e1rios, assim como nas pol\u00edticas de seguran\u00e7a em sistemas inform\u00e1ticos;<\/li>\n\n\n\n<li>Desenvolver aplica\u00e7\u00f5es na \u00e1rea de gest\u00e3o;<\/li>\n\n\n\n<li>Avaliar e participar na escolha de ferramentas de gest\u00e3o;<\/li>\n\n\n\n<li>Analisar, testar e implementar ferramentas de gest\u00e3o;<\/li>\n\n\n\n<li>Parametrizar e adequar, a necessidades espec\u00edficas, ferramentas de gest\u00e3o existentes;<\/li>\n\n\n\n<li>Analisar problemas e propor solu\u00e7\u00f5es adequadas aos meios existentes na empresa;<\/li>\n\n\n\n<li>Desenvolver m\u00f3dulos que complementem as aplica\u00e7\u00f5es de gest\u00e3o, \u00e0 medida das necessidades da empresa;<\/li>\n\n\n\n<li>Desenvolver, distribuir, instalar e efetuar a manuten\u00e7\u00e3o de aplica\u00e7\u00f5es inform\u00e1ticas, utilizando ambientes e linguagens de programa\u00e7\u00e3o orientados a objetos, procedimentais e visuais;<\/li>\n\n\n\n<li>Desenvolver, instalar e manter servidores, p\u00e1ginas e sistemas de informa\u00e7\u00e3o nas tecnologias web;<\/li>\n\n\n\n<li>Colaborar na gest\u00e3o de meios humanos, materiais e financeiros;<\/li>\n\n\n\n<li>Participar na execu\u00e7\u00e3o da contabilidade geral da empresa;<\/li>\n\n\n\n<li>Apoiar o processamento de sal\u00e1rios;<\/li>\n\n\n\n<li>Utilizar aplica\u00e7\u00f5es de fatura\u00e7\u00e3o, stocks, contas correntes, imobilizadas, contabilidade e sal\u00e1rios;<\/li>\n\n\n\n<li>Participar na organiza\u00e7\u00e3o dos processos e procedimentos das obriga\u00e7\u00f5es fiscais;<\/li>\n\n\n\n<li>Participar nos processos e procedimentos referentes aos diversos regimes de prote\u00e7\u00e3o social;<\/li>\n\n\n\n<li>Apoiar o expediente e o arquivo;<\/li>\n\n\n\n<li>Participar na elabora\u00e7\u00e3o de relat\u00f3rios e mapas de gest\u00e3o.<\/li>\n<\/ul>\n\n\n\n<h2>Podes trabalhar em:<\/h2>\n\n\n\n<ul class=\"wp-block-list\">\n<li>Empresas P\u00fablicas;<\/li>\n\n\n\n<li>Empresas Privadas;<\/li>\n\n\n\n<li>Presta\u00e7\u00e3o de Servi\u00e7os;<\/li>\n\n\n\n<li>Com\u00e9rcio;<\/li>\n\n\n\n<li>Contabilidade;<\/li>\n\n\n\n<li>Seguros;<\/li>\n\n\n\n<li>Bancos.<\/li>\n<\/ul>\n\n\n\n<figure class=\"wp-block-image aligncenter size-large is-resized\"><a href=\"https:\/\/aemachadodematos.pt\/agrupamento\/pre-inscricao-cursos-profissionais\/\" target=\"_blank\" rel=\"noopener\"><img loading=\"lazy\" decoding=\"async\" src=\"https:\/\/aemachadodematos.pt\/agrupamento\/wp-content\/uploads\/2022\/06\/pre-1024x238.png\" alt=\"\" class=\"wp-image-1601\" width=\"219\" height=\"51\" srcset=\"https:\/\/aemachadodematos.pt\/agrupamento\/wp-content\/uploads\/2022\/06\/pre-1024x238.png 1024w, https:\/\/aemachadodematos.pt\/agrupamento\/wp-content\/uploads\/2022\/06\/pre-300x70.png 300w, https:\/\/aemachadodematos.pt\/agrupamento\/wp-content\/uploads\/2022\/06\/pre-768x178.png 768w, https:\/\/aemachadodematos.pt\/agrupamento\/wp-content\/uploads\/2022\/06\/pre-150x35.png 150w, https:\/\/aemachadodematos.pt\/agrupamento\/wp-content\/uploads\/2022\/06\/pre.png 1180w\" sizes=\"auto, (max-width: 219px) 100vw, 219px\" \/><\/a><\/figure>\n\n\n\n<p><\/p>\n","protected":false},"excerpt":{"rendered":"<p>Perfil de desempenho: O T\u00c9CNICO DE INFORM\u00c1TICA DE GEST\u00c3O \u00e9 o profissional qualificado que possui compet\u00eancias no \u00e2mbito da gest\u00e3o das organiza\u00e7\u00f5es, nomeadamente na constru\u00e7\u00e3o de modelos de gest\u00e3o de neg\u00f3cios\/projetos, criando matrizes com recurso a aplica\u00e7\u00f5es inform\u00e1ticas para as&nbsp;<a href=\"https:\/\/aemachadodematos.pt\/agrupamento\/tig\/\">&hellip;<\/a><\/p>\n","protected":false},"author":1,"featured_media":0,"parent":0,"menu_order":0,"comment_status":"closed","ping_status":"closed","template":"","meta":{"_uag_custom_page_level_css":"","footnotes":""},"class_list":["post-1608","page","type-page","status-publish","hentry","odd"],"mb":[],"uagb_featured_image_src":{"full":false,"thumbnail":false,"medium":false,"medium_large":false,"large":false,"1536x1536":false,"2048x2048":false,"classic-grid-listing":false,"classic-list-listing":false,"modern-grid-listing":false,"product-page-image":false,"product-category-page-image":false,"post-thumbnail":false,"ed-school-featured-image":false,"ed-school-medium":false,"ed-school-medium-alt":false,"ed-school-square":false,"ed-school-square-small":false},"uagb_author_info":{"display_name":"admin","author_link":"https:\/\/aemachadodematos.pt\/agrupamento\/author\/admin\/"},"uagb_comment_info":0,"uagb_excerpt":"Perfil de desempenho: O T\u00c9CNICO DE INFORM\u00c1TICA DE GEST\u00c3O \u00e9 o profissional qualificado que possui compet\u00eancias no \u00e2mbito da gest\u00e3o das organiza\u00e7\u00f5es, nomeadamente na constru\u00e7\u00e3o de modelos de gest\u00e3o de neg\u00f3cios\/projetos, criando matrizes com recurso a aplica\u00e7\u00f5es inform\u00e1ticas para as&nbsp;&hellip;","mfb_rest_fields":["title","uagb_featured_image_src","uagb_author_info","uagb_comment_info","uagb_excerpt"],"_links":{"self":[{"href":"https:\/\/aemachadodematos.pt\/agrupamento\/wp-json\/wp\/v2\/pages\/1608","targetHints":{"allow":["GET"]}}],"collection":[{"href":"https:\/\/aemachadodematos.pt\/agrupamento\/wp-json\/wp\/v2\/pages"}],"about":[{"href":"https:\/\/aemachadodematos.pt\/agrupamento\/wp-json\/wp\/v2\/types\/page"}],"author":[{"embeddable":true,"href":"https:\/\/aemachadodematos.pt\/agrupamento\/wp-json\/wp\/v2\/users\/1"}],"replies":[{"embeddable":true,"href":"https:\/\/aemachadodematos.pt\/agrupamento\/wp-json\/wp\/v2\/comments?post=1608"}],"version-history":[{"count":8,"href":"https:\/\/aemachadodematos.pt\/agrupamento\/wp-json\/wp\/v2\/pages\/1608\/revisions"}],"predecessor-version":[{"id":3280,"href":"https:\/\/aemachadodematos.pt\/agrupamento\/wp-json\/wp\/v2\/pages\/1608\/revisions\/3280"}],"wp:attachment":[{"href":"https:\/\/aemachadodematos.pt\/agrupamento\/wp-json\/wp\/v2\/media?parent=1608"}],"curies":[{"name":"wp","href":"https:\/\/api.w.org\/{rel}","templated":true}]}}